{"id":85,"date":"2025-08-25T16:29:56","date_gmt":"2025-08-25T14:29:56","guid":{"rendered":"https:\/\/www.alba-avocats-montauban.fr\/?page_id=85"},"modified":"2026-04-02T17:20:17","modified_gmt":"2026-04-02T15:20:17","slug":"actualites","status":"publish","type":"page","link":"https:\/\/www.alba-avocats-montauban.fr\/?page_id=85","title":{"rendered":"Actualit\u00e9s"},"content":{"rendered":"\t\t<div data-elementor-type=\"wp-page\" data-elementor-id=\"85\" class=\"elementor elementor-85\" data-elementor-post-type=\"page\">\n\t\t\t\t<div class=\"elementor-element elementor-element-5511028 e-flex e-con-boxed e-con e-parent\" data-id=\"5511028\" data-element_type=\"container\" data-e-type=\"container\" data-settings=\"{&quot;background_background&quot;:&quot;classic&quot;,&quot;shape_divider_bottom&quot;:&quot;arrow&quot;,&quot;shape_divider_bottom_negative&quot;:&quot;yes&quot;}\">\n\t\t\t\t\t<div class=\"e-con-inner\">\n\t\t\t\t<div class=\"elementor-shape elementor-shape-bottom\" aria-hidden=\"true\" data-negative=\"true\">\n\t\t\t<svg xmlns=\"http:\/\/www.w3.org\/2000\/svg\" viewBox=\"0 0 700 10\" preserveAspectRatio=\"none\">\n\t<path class=\"elementor-shape-fill\" d=\"M360 0L350 9.9 340 0 0 0 0 10 700 10 700 0\"\/>\n<\/svg>\t\t<\/div>\n\t\t\t\t<div class=\"elementor-element elementor-element-79bc498 elementor-widget elementor-widget-heading\" data-id=\"79bc498\" data-element_type=\"widget\" data-e-type=\"widget\" data-widget_type=\"heading.default\">\n\t\t\t\t<div class=\"elementor-widget-container\">\n\t\t\t\t\t<h1 class=\"elementor-heading-title elementor-size-default\">Actualit\u00e9s<\/h1>\t\t\t\t<\/div>\n\t\t\t\t<\/div>\n\t\t\t\t<div class=\"elementor-element elementor-element-55a9eaf elementor-widget elementor-widget-heading\" data-id=\"55a9eaf\" data-element_type=\"widget\" data-e-type=\"widget\" data-widget_type=\"heading.default\">\n\t\t\t\t<div class=\"elementor-widget-container\">\n\t\t\t\t\t<h2 class=\"elementor-heading-title elementor-size-default\">Droit des soci\u00e9t\u00e9s - Droit commercial -Droit du travail - Droit des assurances - Droit de la construction\n<\/h2>\t\t\t\t<\/div>\n\t\t\t\t<\/div>\n\t\t\t\t\t<\/div>\n\t\t\t\t<\/div>\n\t\t<div class=\"elementor-element elementor-element-9ba6d3d e-flex e-con-boxed e-con e-parent\" data-id=\"9ba6d3d\" data-element_type=\"container\" data-e-type=\"container\">\n\t\t\t\t\t<div class=\"e-con-inner\">\n\t\t\t\t<div class=\"elementor-element elementor-element-00dd261 elementor-grid-3 elementor-grid-tablet-2 elementor-grid-mobile-1 elementor-posts--thumbnail-top elementor-widget elementor-widget-posts\" data-id=\"00dd261\" data-element_type=\"widget\" data-e-type=\"widget\" data-settings=\"{&quot;classic_columns&quot;:&quot;3&quot;,&quot;classic_columns_tablet&quot;:&quot;2&quot;,&quot;classic_columns_mobile&quot;:&quot;1&quot;,&quot;classic_row_gap&quot;:{&quot;unit&quot;:&quot;px&quot;,&quot;size&quot;:35,&quot;sizes&quot;:[]},&quot;classic_row_gap_tablet&quot;:{&quot;unit&quot;:&quot;px&quot;,&quot;size&quot;:&quot;&quot;,&quot;sizes&quot;:[]},&quot;classic_row_gap_mobile&quot;:{&quot;unit&quot;:&quot;px&quot;,&quot;size&quot;:&quot;&quot;,&quot;sizes&quot;:[]}}\" data-widget_type=\"posts.classic\">\n\t\t\t\t<div class=\"elementor-widget-container\">\n\t\t\t\t\t\t\t<div class=\"elementor-posts-container elementor-posts elementor-posts--skin-classic elementor-grid\" role=\"list\">\n\t\t\t\t<article class=\"elementor-post elementor-grid-item post-248 post type-post status-publish format-standard hentry category-non-classe\" role=\"listitem\">\n\t\t\t\t<div class=\"elementor-post__text\">\n\t\t\t\t<h3 class=\"elementor-post__title\">\n\t\t\t<a href=\"https:\/\/www.alba-avocats-montauban.fr\/?p=248\" >\n\t\t\t\tRupture conventionnelle suivie d&rsquo;un licenciement pour faute grave\t\t\t<\/a>\n\t\t<\/h3>\n\t\t\t\t<div class=\"elementor-post__meta-data\">\n\t\t\t\t\t<span class=\"elementor-post-date\">\n\t\t\t23 septembre 2025\t\t<\/span>\n\t\t\t\t<span class=\"elementor-post-avatar\">\n\t\t\tAucun commentaire\t\t<\/span>\n\t\t\t\t<\/div>\n\t\t\t\t<div class=\"elementor-post__excerpt\">\n\t\t\t<p>La question se posait : Quand une rupture conventionnelle a \u00e9t\u00e9 sign\u00e9e puis homologu\u00e9e par l&rsquo;administration, l&rsquo;Employeur peut-il proc\u00e9der \u00e0 un licenciement ? Certains salari\u00e9s,<\/p>\n\t\t<\/div>\n\t\t\n\t\t<a class=\"elementor-post__read-more\" href=\"https:\/\/www.alba-avocats-montauban.fr\/?p=248\" aria-label=\"En savoir plus sur Rupture conventionnelle suivie d&rsquo;un licenciement pour faute grave\" tabindex=\"-1\" >\n\t\t\tLire la suite \u00bb\t\t<\/a>\n\n\t\t\t\t<\/div>\n\t\t\t\t<\/article>\n\t\t\t\t<article class=\"elementor-post elementor-grid-item post-250 post type-post status-publish format-standard hentry category-non-classe\" role=\"listitem\">\n\t\t\t\t<div class=\"elementor-post__text\">\n\t\t\t\t<h3 class=\"elementor-post__title\">\n\t\t\t<a href=\"https:\/\/www.alba-avocats-montauban.fr\/?p=250\" >\n\t\t\t\tHarc\u00e8lement et nullit\u00e9 du licenciement : pas automatique\t\t\t<\/a>\n\t\t<\/h3>\n\t\t\t\t<div class=\"elementor-post__meta-data\">\n\t\t\t\t\t<span class=\"elementor-post-date\">\n\t\t\t23 avril 2025\t\t<\/span>\n\t\t\t\t<span class=\"elementor-post-avatar\">\n\t\t\tAucun commentaire\t\t<\/span>\n\t\t\t\t<\/div>\n\t\t\t\t<div class=\"elementor-post__excerpt\">\n\t\t\t<p>Pour rappel, le code du travail pr\u00e9voit : \u00ab Aucun salari\u00e9 ne peut \u00eatre sanctionn\u00e9, licenci\u00e9 ou faire l&rsquo;objet d&rsquo;une mesure discriminatoire, directe ou indirecte,<\/p>\n\t\t<\/div>\n\t\t\n\t\t<a class=\"elementor-post__read-more\" href=\"https:\/\/www.alba-avocats-montauban.fr\/?p=250\" aria-label=\"En savoir plus sur Harc\u00e8lement et nullit\u00e9 du licenciement : pas automatique\" tabindex=\"-1\" >\n\t\t\tLire la suite \u00bb\t\t<\/a>\n\n\t\t\t\t<\/div>\n\t\t\t\t<\/article>\n\t\t\t\t<article class=\"elementor-post elementor-grid-item post-246 post type-post status-publish format-standard hentry category-non-classe\" role=\"listitem\">\n\t\t\t\t<div class=\"elementor-post__text\">\n\t\t\t\t<h3 class=\"elementor-post__title\">\n\t\t\t<a href=\"https:\/\/www.alba-avocats-montauban.fr\/?p=246\" >\n\t\t\t\tObligation de d\u00e9compte du temps de travail\t\t\t<\/a>\n\t\t<\/h3>\n\t\t\t\t<div class=\"elementor-post__meta-data\">\n\t\t\t\t\t<span class=\"elementor-post-date\">\n\t\t\t23 avril 2025\t\t<\/span>\n\t\t\t\t<span class=\"elementor-post-avatar\">\n\t\t\tAucun commentaire\t\t<\/span>\n\t\t\t\t<\/div>\n\t\t\t\t<div class=\"elementor-post__excerpt\">\n\t\t\t<p>Lorsque des salari\u00e9s, appartenant \u00e0 un m\u00eame service, travaillent selon des horaires diff\u00e9rents, l\u2019Employeur est tenu de proc\u00e9der \u00e0 un d\u00e9compte individuel du temps de<\/p>\n\t\t<\/div>\n\t\t\n\t\t<a class=\"elementor-post__read-more\" href=\"https:\/\/www.alba-avocats-montauban.fr\/?p=246\" aria-label=\"En savoir plus sur Obligation de d\u00e9compte du temps de travail\" tabindex=\"-1\" >\n\t\t\tLire la suite \u00bb\t\t<\/a>\n\n\t\t\t\t<\/div>\n\t\t\t\t<\/article>\n\t\t\t\t<article class=\"elementor-post elementor-grid-item post-244 post type-post status-publish format-standard hentry category-non-classe\" role=\"listitem\">\n\t\t\t\t<div class=\"elementor-post__text\">\n\t\t\t\t<h3 class=\"elementor-post__title\">\n\t\t\t<a href=\"https:\/\/www.alba-avocats-montauban.fr\/?p=244\" >\n\t\t\t\tV\u00e9hicule accident\u00e9 : le salari\u00e9 doit-il payer les r\u00e9parations ?\t\t\t<\/a>\n\t\t<\/h3>\n\t\t\t\t<div class=\"elementor-post__meta-data\">\n\t\t\t\t\t<span class=\"elementor-post-date\">\n\t\t\t23 janvier 2025\t\t<\/span>\n\t\t\t\t<span class=\"elementor-post-avatar\">\n\t\t\tAucun commentaire\t\t<\/span>\n\t\t\t\t<\/div>\n\t\t\t\t<div class=\"elementor-post__excerpt\">\n\t\t\t<p>La question se pose fr\u00e9quemment : un salari\u00e9 endommage un v\u00e9hicule de soci\u00e9t\u00e9, dans le cadre de son activit\u00e9. L\u2019Employeur peut-il obtenir r\u00e9paration ?D\u2019un point<\/p>\n\t\t<\/div>\n\t\t\n\t\t<a class=\"elementor-post__read-more\" href=\"https:\/\/www.alba-avocats-montauban.fr\/?p=244\" aria-label=\"En savoir plus sur V\u00e9hicule accident\u00e9 : le salari\u00e9 doit-il payer les r\u00e9parations ?\" tabindex=\"-1\" >\n\t\t\tLire la suite \u00bb\t\t<\/a>\n\n\t\t\t\t<\/div>\n\t\t\t\t<\/article>\n\t\t\t\t<article class=\"elementor-post elementor-grid-item post-242 post type-post status-publish format-standard hentry category-non-classe\" role=\"listitem\">\n\t\t\t\t<div class=\"elementor-post__text\">\n\t\t\t\t<h3 class=\"elementor-post__title\">\n\t\t\t<a href=\"https:\/\/www.alba-avocats-montauban.fr\/?p=242\" >\n\t\t\t\tIndemnit\u00e9 de repas sur le lieu de travail : vers un assouplissement\t\t\t<\/a>\n\t\t<\/h3>\n\t\t\t\t<div class=\"elementor-post__meta-data\">\n\t\t\t\t\t<span class=\"elementor-post-date\">\n\t\t\t23 janvier 2025\t\t<\/span>\n\t\t\t\t<span class=\"elementor-post-avatar\">\n\t\t\tAucun commentaire\t\t<\/span>\n\t\t\t\t<\/div>\n\t\t\t\t<div class=\"elementor-post__excerpt\">\n\t\t\t<p>Nombreux sont les employeurs qui souhaitent verser \u00e0 leurs salari\u00e9s s\u00e9dentaires des indemnit\u00e9s de repas exon\u00e9r\u00e9es de cotisations sociales.Cependant, on leur d\u00e9conseille souvent ce type<\/p>\n\t\t<\/div>\n\t\t\n\t\t<a class=\"elementor-post__read-more\" href=\"https:\/\/www.alba-avocats-montauban.fr\/?p=242\" aria-label=\"En savoir plus sur Indemnit\u00e9 de repas sur le lieu de travail : vers un assouplissement\" tabindex=\"-1\" >\n\t\t\tLire la suite \u00bb\t\t<\/a>\n\n\t\t\t\t<\/div>\n\t\t\t\t<\/article>\n\t\t\t\t<article class=\"elementor-post elementor-grid-item post-240 post type-post status-publish format-standard hentry category-non-classe\" role=\"listitem\">\n\t\t\t\t<div class=\"elementor-post__text\">\n\t\t\t\t<h3 class=\"elementor-post__title\">\n\t\t\t<a href=\"https:\/\/www.alba-avocats-montauban.fr\/?p=240\" >\n\t\t\t\tAvis d\u2019inaptitude suivi d\u2019un nouvel arr\u00eat maladie : maintien de salaire ?\t\t\t<\/a>\n\t\t<\/h3>\n\t\t\t\t<div class=\"elementor-post__meta-data\">\n\t\t\t\t\t<span class=\"elementor-post-date\">\n\t\t\t23 janvier 2025\t\t<\/span>\n\t\t\t\t<span class=\"elementor-post-avatar\">\n\t\t\tAucun commentaire\t\t<\/span>\n\t\t\t\t<\/div>\n\t\t\t\t<div class=\"elementor-post__excerpt\">\n\t\t\t<p>La Cour de Cassation s\u2019est r\u00e9cemment positionn\u00e9e sur une situation fr\u00e9quente : un salari\u00e9 est reconnu inapte par le M\u00e9decin du travail puis pr\u00e9sente d\u00e8s<\/p>\n\t\t<\/div>\n\t\t\n\t\t<a class=\"elementor-post__read-more\" href=\"https:\/\/www.alba-avocats-montauban.fr\/?p=240\" aria-label=\"En savoir plus sur Avis d\u2019inaptitude suivi d\u2019un nouvel arr\u00eat maladie : maintien de salaire ?\" tabindex=\"-1\" >\n\t\t\tLire la suite \u00bb\t\t<\/a>\n\n\t\t\t\t<\/div>\n\t\t\t\t<\/article>\n\t\t\t\t<article class=\"elementor-post elementor-grid-item post-238 post type-post status-publish format-standard hentry category-non-classe\" role=\"listitem\">\n\t\t\t\t<div class=\"elementor-post__text\">\n\t\t\t\t<h3 class=\"elementor-post__title\">\n\t\t\t<a href=\"https:\/\/www.alba-avocats-montauban.fr\/?p=238\" >\n\t\t\t\tPrimes vers\u00e9es par erreur : l\u2019impossible retour en arri\u00e8re ?\t\t\t<\/a>\n\t\t<\/h3>\n\t\t\t\t<div class=\"elementor-post__meta-data\">\n\t\t\t\t\t<span class=\"elementor-post-date\">\n\t\t\t23 d\u00e9cembre 2024\t\t<\/span>\n\t\t\t\t<span class=\"elementor-post-avatar\">\n\t\t\tAucun commentaire\t\t<\/span>\n\t\t\t\t<\/div>\n\t\t\t\t<div class=\"elementor-post__excerpt\">\n\t\t\t<p>Jusqu\u2019en 2023, la jurisprudence \u00e9tait claire : l\u2019attribution de primes par erreur, m\u00eame r\u00e9p\u00e9t\u00e9e, n\u2019\u00e9tait pas cr\u00e9atrice de droit et l\u2019Employeur pouvait donc mettre fin<\/p>\n\t\t<\/div>\n\t\t\n\t\t<a class=\"elementor-post__read-more\" href=\"https:\/\/www.alba-avocats-montauban.fr\/?p=238\" aria-label=\"En savoir plus sur Primes vers\u00e9es par erreur : l\u2019impossible retour en arri\u00e8re ?\" tabindex=\"-1\" >\n\t\t\tLire la suite \u00bb\t\t<\/a>\n\n\t\t\t\t<\/div>\n\t\t\t\t<\/article>\n\t\t\t\t<article class=\"elementor-post elementor-grid-item post-234 post type-post status-publish format-standard hentry category-non-classe\" role=\"listitem\">\n\t\t\t\t<div class=\"elementor-post__text\">\n\t\t\t\t<h3 class=\"elementor-post__title\">\n\t\t\t<a href=\"https:\/\/www.alba-avocats-montauban.fr\/?p=234\" >\n\t\t\t\tAvantage en nature et travail dissimul\u00e9 : un risque tr\u00e8s important\t\t\t<\/a>\n\t\t<\/h3>\n\t\t\t\t<div class=\"elementor-post__meta-data\">\n\t\t\t\t\t<span class=\"elementor-post-date\">\n\t\t\t23 d\u00e9cembre 2024\t\t<\/span>\n\t\t\t\t<span class=\"elementor-post-avatar\">\n\t\t\tAucun commentaire\t\t<\/span>\n\t\t\t\t<\/div>\n\t\t\t\t<div class=\"elementor-post__excerpt\">\n\t\t\t<p>Un arr\u00eat de la Cour de Cassation du 4 D\u00e9cembre 2024 doit inciter les employeurs \u00e0 la plus grande prudence. En effet, en l\u2019esp\u00e8ce, un<\/p>\n\t\t<\/div>\n\t\t\n\t\t<a class=\"elementor-post__read-more\" href=\"https:\/\/www.alba-avocats-montauban.fr\/?p=234\" aria-label=\"En savoir plus sur Avantage en nature et travail dissimul\u00e9 : un risque tr\u00e8s important\" tabindex=\"-1\" >\n\t\t\tLire la suite \u00bb\t\t<\/a>\n\n\t\t\t\t<\/div>\n\t\t\t\t<\/article>\n\t\t\t\t<article class=\"elementor-post elementor-grid-item post-236 post type-post status-publish format-standard hentry category-non-classe\" role=\"listitem\">\n\t\t\t\t<div class=\"elementor-post__text\">\n\t\t\t\t<h3 class=\"elementor-post__title\">\n\t\t\t<a href=\"https:\/\/www.alba-avocats-montauban.fr\/?p=236\" >\n\t\t\t\tLicenciement d\u2019une salari\u00e9e enceinte : quelle indemnisation ?\t\t\t<\/a>\n\t\t<\/h3>\n\t\t\t\t<div class=\"elementor-post__meta-data\">\n\t\t\t\t\t<span class=\"elementor-post-date\">\n\t\t\t23 novembre 2024\t\t<\/span>\n\t\t\t\t<span class=\"elementor-post-avatar\">\n\t\t\tAucun commentaire\t\t<\/span>\n\t\t\t\t<\/div>\n\t\t\t\t<div class=\"elementor-post__excerpt\">\n\t\t\t<p>Un Employeur qui licencie une salari\u00e9e enceinte pendant son cong\u00e9 maternit\u00e9 ou pendant les 10 semaines suivant l&rsquo;expiration de cette p\u00e9riode encourt la nullit\u00e9 du<\/p>\n\t\t<\/div>\n\t\t\n\t\t<a class=\"elementor-post__read-more\" href=\"https:\/\/www.alba-avocats-montauban.fr\/?p=236\" aria-label=\"En savoir plus sur Licenciement d\u2019une salari\u00e9e enceinte : quelle indemnisation ?\" tabindex=\"-1\" >\n\t\t\tLire la suite \u00bb\t\t<\/a>\n\n\t\t\t\t<\/div>\n\t\t\t\t<\/article>\n\t\t\t\t<\/div>\n\t\t\n\t\t\t\t\t\t<\/div>\n\t\t\t\t<\/div>\n\t\t\t\t\t<\/div>\n\t\t\t\t<\/div>\n\t\t\t\t<\/div>\n\t\t","protected":false},"excerpt":{"rendered":"<p>Actualit\u00e9s Droit des soci\u00e9t\u00e9s &#8211; Droit commercial -Droit du travail &#8211; Droit des assurances &#8211; Droit de la construction<\/p>\n","protected":false},"author":1,"featured_media":0,"parent":0,"menu_order":0,"comment_status":"closed","ping_status":"closed","template":"elementor_header_footer","meta":{"footnotes":""},"class_list":["post-85","page","type-page","status-publish","hentry"],"yoast_head":"<!-- This site is optimized with the Yoast SEO plugin v27.5 - https:\/\/yoast.com\/product\/yoast-seo-wordpress\/ -->\n<title>Actualit\u00e9s - alba avocats<\/title>\n<meta name=\"description\" content=\"Actualit\u00e9s ; V\u00e9hicule accident\u00e9 : le salari\u00e9 doit-il payer les r\u00e9parations ? 20 mai 2025 ; Harc\u00e8lement et nullit\u00e9 du licenciement : pas automatique. 22 avril 2025 ...\" \/>\n<meta name=\"robots\" content=\"index, follow, max-snippet:-1, max-image-preview:large, max-video-preview:-1\" \/>\n<link rel=\"canonical\" href=\"https:\/\/www.alba-avocats-montauban.fr\/?page_id=85\" \/>\n<meta property=\"og:locale\" content=\"fr_FR\" \/>\n<meta property=\"og:type\" content=\"article\" \/>\n<meta property=\"og:title\" content=\"Actualit\u00e9s - alba avocats\" \/>\n<meta property=\"og:description\" content=\"Actualit\u00e9s ; V\u00e9hicule accident\u00e9 : le salari\u00e9 doit-il payer les r\u00e9parations ? 20 mai 2025 ; Harc\u00e8lement et nullit\u00e9 du licenciement : pas automatique. 22 avril 2025 ...\" \/>\n<meta property=\"og:url\" content=\"https:\/\/www.alba-avocats-montauban.fr\/?page_id=85\" \/>\n<meta property=\"og:site_name\" content=\"Alba avocat montauban\" \/>\n<meta property=\"article:modified_time\" content=\"2026-04-02T15:20:17+00:00\" \/>\n<meta name=\"twitter:card\" content=\"summary_large_image\" \/>\n<meta name=\"twitter:label1\" content=\"Dur\u00e9e de lecture estim\u00e9e\" \/>\n\t<meta name=\"twitter:data1\" content=\"6 minutes\" \/>\n<script type=\"application\/ld+json\" class=\"yoast-schema-graph\">{\"@context\":\"https:\\\/\\\/schema.org\",\"@graph\":[{\"@type\":\"WebPage\",\"@id\":\"https:\\\/\\\/www.alba-avocats-montauban.fr\\\/?page_id=85\",\"url\":\"https:\\\/\\\/www.alba-avocats-montauban.fr\\\/?page_id=85\",\"name\":\"Actualit\u00e9s - alba avocats\",\"isPartOf\":{\"@id\":\"https:\\\/\\\/www.alba-avocats-montauban.fr\\\/#website\"},\"datePublished\":\"2025-08-25T14:29:56+00:00\",\"dateModified\":\"2026-04-02T15:20:17+00:00\",\"description\":\"Actualit\u00e9s ; V\u00e9hicule accident\u00e9 : le salari\u00e9 doit-il payer les r\u00e9parations ? 20 mai 2025 ; Harc\u00e8lement et nullit\u00e9 du licenciement : pas automatique. 22 avril 2025 ...\",\"breadcrumb\":{\"@id\":\"https:\\\/\\\/www.alba-avocats-montauban.fr\\\/?page_id=85#breadcrumb\"},\"inLanguage\":\"fr-FR\",\"potentialAction\":[{\"@type\":\"ReadAction\",\"target\":[\"https:\\\/\\\/www.alba-avocats-montauban.fr\\\/?page_id=85\"]}]},{\"@type\":\"BreadcrumbList\",\"@id\":\"https:\\\/\\\/www.alba-avocats-montauban.fr\\\/?page_id=85#breadcrumb\",\"itemListElement\":[{\"@type\":\"ListItem\",\"position\":1,\"name\":\"Accueil\",\"item\":\"https:\\\/\\\/www.alba-avocats-montauban.fr\\\/\"},{\"@type\":\"ListItem\",\"position\":2,\"name\":\"Actualit\u00e9s\"}]},{\"@type\":\"WebSite\",\"@id\":\"https:\\\/\\\/www.alba-avocats-montauban.fr\\\/#website\",\"url\":\"https:\\\/\\\/www.alba-avocats-montauban.fr\\\/\",\"name\":\"Alba avocat montauban\",\"description\":\"\",\"potentialAction\":[{\"@type\":\"SearchAction\",\"target\":{\"@type\":\"EntryPoint\",\"urlTemplate\":\"https:\\\/\\\/www.alba-avocats-montauban.fr\\\/?s={search_term_string}\"},\"query-input\":{\"@type\":\"PropertyValueSpecification\",\"valueRequired\":true,\"valueName\":\"search_term_string\"}}],\"inLanguage\":\"fr-FR\"}]}<\/script>\n<!-- \/ Yoast SEO plugin. -->","yoast_head_json":{"title":"Actualit\u00e9s - alba avocats","description":"Actualit\u00e9s ; V\u00e9hicule accident\u00e9 : le salari\u00e9 doit-il payer les r\u00e9parations ? 20 mai 2025 ; Harc\u00e8lement et nullit\u00e9 du licenciement : pas automatique. 22 avril 2025 ...","robots":{"index":"index","follow":"follow","max-snippet":"max-snippet:-1","max-image-preview":"max-image-preview:large","max-video-preview":"max-video-preview:-1"},"canonical":"https:\/\/www.alba-avocats-montauban.fr\/?page_id=85","og_locale":"fr_FR","og_type":"article","og_title":"Actualit\u00e9s - alba avocats","og_description":"Actualit\u00e9s ; V\u00e9hicule accident\u00e9 : le salari\u00e9 doit-il payer les r\u00e9parations ? 20 mai 2025 ; Harc\u00e8lement et nullit\u00e9 du licenciement : pas automatique. 22 avril 2025 ...","og_url":"https:\/\/www.alba-avocats-montauban.fr\/?page_id=85","og_site_name":"Alba avocat montauban","article_modified_time":"2026-04-02T15:20:17+00:00","twitter_card":"summary_large_image","twitter_misc":{"Dur\u00e9e de lecture estim\u00e9e":"6 minutes"},"schema":{"@context":"https:\/\/schema.org","@graph":[{"@type":"WebPage","@id":"https:\/\/www.alba-avocats-montauban.fr\/?page_id=85","url":"https:\/\/www.alba-avocats-montauban.fr\/?page_id=85","name":"Actualit\u00e9s - alba avocats","isPartOf":{"@id":"https:\/\/www.alba-avocats-montauban.fr\/#website"},"datePublished":"2025-08-25T14:29:56+00:00","dateModified":"2026-04-02T15:20:17+00:00","description":"Actualit\u00e9s ; V\u00e9hicule accident\u00e9 : le salari\u00e9 doit-il payer les r\u00e9parations ? 20 mai 2025 ; Harc\u00e8lement et nullit\u00e9 du licenciement : pas automatique. 22 avril 2025 ...","breadcrumb":{"@id":"https:\/\/www.alba-avocats-montauban.fr\/?page_id=85#breadcrumb"},"inLanguage":"fr-FR","potentialAction":[{"@type":"ReadAction","target":["https:\/\/www.alba-avocats-montauban.fr\/?page_id=85"]}]},{"@type":"BreadcrumbList","@id":"https:\/\/www.alba-avocats-montauban.fr\/?page_id=85#breadcrumb","itemListElement":[{"@type":"ListItem","position":1,"name":"Accueil","item":"https:\/\/www.alba-avocats-montauban.fr\/"},{"@type":"ListItem","position":2,"name":"Actualit\u00e9s"}]},{"@type":"WebSite","@id":"https:\/\/www.alba-avocats-montauban.fr\/#website","url":"https:\/\/www.alba-avocats-montauban.fr\/","name":"Alba avocat montauban","description":"","potentialAction":[{"@type":"SearchAction","target":{"@type":"EntryPoint","urlTemplate":"https:\/\/www.alba-avocats-montauban.fr\/?s={search_term_string}"},"query-input":{"@type":"PropertyValueSpecification","valueRequired":true,"valueName":"search_term_string"}}],"inLanguage":"fr-FR"}]}},"_links":{"self":[{"href":"https:\/\/www.alba-avocats-montauban.fr\/index.php?rest_route=\/wp\/v2\/pages\/85","targetHints":{"allow":["GET"]}}],"collection":[{"href":"https:\/\/www.alba-avocats-montauban.fr\/index.php?rest_route=\/wp\/v2\/pages"}],"about":[{"href":"https:\/\/www.alba-avocats-montauban.fr\/index.php?rest_route=\/wp\/v2\/types\/page"}],"author":[{"embeddable":true,"href":"https:\/\/www.alba-avocats-montauban.fr\/index.php?rest_route=\/wp\/v2\/users\/1"}],"replies":[{"embeddable":true,"href":"https:\/\/www.alba-avocats-montauban.fr\/index.php?rest_route=%2Fwp%2Fv2%2Fcomments&post=85"}],"version-history":[{"count":22,"href":"https:\/\/www.alba-avocats-montauban.fr\/index.php?rest_route=\/wp\/v2\/pages\/85\/revisions"}],"predecessor-version":[{"id":266,"href":"https:\/\/www.alba-avocats-montauban.fr\/index.php?rest_route=\/wp\/v2\/pages\/85\/revisions\/266"}],"wp:attachment":[{"href":"https:\/\/www.alba-avocats-montauban.fr\/index.php?rest_route=%2Fwp%2Fv2%2Fmedia&parent=85"}],"curies":[{"name":"wp","href":"https:\/\/api.w.org\/{rel}","templated":true}]}}