{"id":81,"date":"2025-08-25T16:29:39","date_gmt":"2025-08-25T14:29:39","guid":{"rendered":"https:\/\/www.alba-avocats-montauban.fr\/?page_id=81"},"modified":"2025-08-26T09:58:50","modified_gmt":"2025-08-26T07:58:50","slug":"domaines-de-competences","status":"publish","type":"page","link":"https:\/\/www.alba-avocats-montauban.fr\/?page_id=81","title":{"rendered":"Domaines de comp\u00e9tences"},"content":{"rendered":"\t\t<div data-elementor-type=\"wp-page\" data-elementor-id=\"81\" class=\"elementor elementor-81\" data-elementor-post-type=\"page\">\n\t\t\t\t<div class=\"elementor-element elementor-element-0f550b5 e-flex e-con-boxed e-con e-parent\" data-id=\"0f550b5\" data-element_type=\"container\" data-e-type=\"container\" data-settings=\"{&quot;background_background&quot;:&quot;classic&quot;,&quot;shape_divider_bottom&quot;:&quot;arrow&quot;,&quot;shape_divider_bottom_negative&quot;:&quot;yes&quot;}\">\n\t\t\t\t\t<div class=\"e-con-inner\">\n\t\t\t\t<div class=\"elementor-shape elementor-shape-bottom\" aria-hidden=\"true\" data-negative=\"true\">\n\t\t\t<svg xmlns=\"http:\/\/www.w3.org\/2000\/svg\" viewBox=\"0 0 700 10\" preserveAspectRatio=\"none\">\n\t<path class=\"elementor-shape-fill\" d=\"M360 0L350 9.9 340 0 0 0 0 10 700 10 700 0\"\/>\n<\/svg>\t\t<\/div>\n\t\t\t\t<div class=\"elementor-element elementor-element-3328e2b elementor-widget elementor-widget-heading\" data-id=\"3328e2b\" data-element_type=\"widget\" data-e-type=\"widget\" data-widget_type=\"heading.default\">\n\t\t\t\t<div class=\"elementor-widget-container\">\n\t\t\t\t\t<h1 class=\"elementor-heading-title elementor-size-default\">Domaines de comp\u00e9tences<\/h1>\t\t\t\t<\/div>\n\t\t\t\t<\/div>\n\t\t\t\t<div class=\"elementor-element elementor-element-6531526 elementor-widget elementor-widget-heading\" data-id=\"6531526\" data-element_type=\"widget\" data-e-type=\"widget\" data-widget_type=\"heading.default\">\n\t\t\t\t<div class=\"elementor-widget-container\">\n\t\t\t\t\t<h2 class=\"elementor-heading-title elementor-size-default\">Droit des soci\u00e9t\u00e9s - Droit commercial -Droit du travail - Droit des assurances - Droit de la construction\n<\/h2>\t\t\t\t<\/div>\n\t\t\t\t<\/div>\n\t\t\t\t<div class=\"elementor-element elementor-element-7b488e5 elementor-align-center elementor-widget elementor-widget-button\" data-id=\"7b488e5\" data-element_type=\"widget\" data-e-type=\"widget\" data-widget_type=\"button.default\">\n\t\t\t\t<div class=\"elementor-widget-container\">\n\t\t\t\t\t\t\t\t\t<div class=\"elementor-button-wrapper\">\n\t\t\t\t\t<a class=\"elementor-button elementor-button-link elementor-size-sm\" href=\"#\">\n\t\t\t\t\t\t<span class=\"elementor-button-content-wrapper\">\n\t\t\t\t\t\t\t\t\t<span class=\"elementor-button-text\">Nous contacter<\/span>\n\t\t\t\t\t<\/span>\n\t\t\t\t\t<\/a>\n\t\t\t\t<\/div>\n\t\t\t\t\t\t\t\t<\/div>\n\t\t\t\t<\/div>\n\t\t\t\t\t<\/div>\n\t\t\t\t<\/div>\n\t\t<div class=\"elementor-element elementor-element-6bb8e71 e-flex e-con-boxed e-con e-parent\" data-id=\"6bb8e71\" data-element_type=\"container\" data-e-type=\"container\">\n\t\t\t\t\t<div class=\"e-con-inner\">\n\t\t<div class=\"elementor-element elementor-element-9d8191e e-con-full e-flex e-con e-child\" data-id=\"9d8191e\" data-element_type=\"container\" data-e-type=\"container\">\n\t\t\t\t<div class=\"elementor-element elementor-element-80f4973 elementor-widget elementor-widget-heading\" data-id=\"80f4973\" data-element_type=\"widget\" data-e-type=\"widget\" data-widget_type=\"heading.default\">\n\t\t\t\t<div class=\"elementor-widget-container\">\n\t\t\t\t\t<h2 class=\"elementor-heading-title elementor-size-default\">DROIT DU TRAVAIL\n<\/h2>\t\t\t\t<\/div>\n\t\t\t\t<\/div>\n\t\t\t\t<div class=\"elementor-element elementor-element-610650e elementor-widget elementor-widget-text-editor\" data-id=\"610650e\" data-element_type=\"widget\" data-e-type=\"widget\" data-widget_type=\"text-editor.default\">\n\t\t\t\t<div class=\"elementor-widget-container\">\n\t\t\t\t\t\t\t\t\t<p>(Conseil et Contentieux Prud\u2019homal): Licenciement pour motif personnel ou \u00e9conomique, rupture conventionnelle, dur\u00e9e du travail, r\u00e9mun\u00e9ration, harc\u00e8lement moral, discrimination, \u00e9galit\u00e9 de traitement, requalification du travail pr\u00e9caire, \u00e9lections des repr\u00e9sentants du personnel, contrat de travail\u2026<\/p>\t\t\t\t\t\t\t\t<\/div>\n\t\t\t\t<\/div>\n\t\t\t\t<div class=\"elementor-element elementor-element-0c9ac6c elementor-widget elementor-widget-heading\" data-id=\"0c9ac6c\" data-element_type=\"widget\" data-e-type=\"widget\" data-widget_type=\"heading.default\">\n\t\t\t\t<div class=\"elementor-widget-container\">\n\t\t\t\t\t<h2 class=\"elementor-heading-title elementor-size-default\">ACCIDENT DU TRAVAIL\n<\/h2>\t\t\t\t<\/div>\n\t\t\t\t<\/div>\n\t\t\t\t<div class=\"elementor-element elementor-element-3c103ad elementor-widget elementor-widget-text-editor\" data-id=\"3c103ad\" data-element_type=\"widget\" data-e-type=\"widget\" data-widget_type=\"text-editor.default\">\n\t\t\t\t<div class=\"elementor-widget-container\">\n\t\t\t\t\t\t\t\t\t<div class=\"elementor-column elementor-col-50 elementor-inner-column elementor-element elementor-element-10636f8a\" data-id=\"10636f8a\" data-element_type=\"column\" data-settings=\"{&quot;background_background&quot;:&quot;classic&quot;}\"><div class=\"elementor-widget-wrap elementor-element-populated\"><div class=\"elementor-element elementor-element-127e5d74 eael-infobox-content-align-left elementor-widget elementor-widget-eael-info-box\" data-id=\"127e5d74\" data-element_type=\"widget\" data-widget_type=\"eael-info-box.default\"><div class=\"elementor-widget-container\"><div class=\"eael-infobox\"><div class=\"infobox-content\"><p>Contestation, faute inexcusable<\/p><\/div><\/div><\/div><\/div><\/div><\/div>\t\t\t\t\t\t\t\t<\/div>\n\t\t\t\t<\/div>\n\t\t\t\t<div class=\"elementor-element elementor-element-d50b0ce elementor-widget elementor-widget-heading\" data-id=\"d50b0ce\" data-element_type=\"widget\" data-e-type=\"widget\" data-widget_type=\"heading.default\">\n\t\t\t\t<div class=\"elementor-widget-container\">\n\t\t\t\t\t<h2 class=\"elementor-heading-title elementor-size-default\">DROIT DES SOCIET\u00c9S\n<\/h2>\t\t\t\t<\/div>\n\t\t\t\t<\/div>\n\t\t\t\t<div class=\"elementor-element elementor-element-f65ed62 elementor-widget elementor-widget-text-editor\" data-id=\"f65ed62\" data-element_type=\"widget\" data-e-type=\"widget\" data-widget_type=\"text-editor.default\">\n\t\t\t\t<div class=\"elementor-widget-container\">\n\t\t\t\t\t\t\t\t\t<p>Constitution de soci\u00e9t\u00e9s civiles et commerciales, cessions, fusions, transmissions universelles de patrimoine, modifications statutaires, garanties, suivi juridique annuel, dissolution<\/p>\t\t\t\t\t\t\t\t<\/div>\n\t\t\t\t<\/div>\n\t\t\t\t<div class=\"elementor-element elementor-element-547bfb5 elementor-widget elementor-widget-heading\" data-id=\"547bfb5\" data-element_type=\"widget\" data-e-type=\"widget\" data-widget_type=\"heading.default\">\n\t\t\t\t<div class=\"elementor-widget-container\">\n\t\t\t\t\t<h2 class=\"elementor-heading-title elementor-size-default\">DROIT DES BAUX\n<\/h2>\t\t\t\t<\/div>\n\t\t\t\t<\/div>\n\t\t\t\t<div class=\"elementor-element elementor-element-e118859 elementor-widget elementor-widget-text-editor\" data-id=\"e118859\" data-element_type=\"widget\" data-e-type=\"widget\" data-widget_type=\"text-editor.default\">\n\t\t\t\t<div class=\"elementor-widget-container\">\n\t\t\t\t\t\t\t\t\t<p>La l\u00e9gislation sur les baux devenant de plus en plus complexe, l\u2019expertise d\u2019un avocat vous permettra de conna\u00eetre avec exactitude l\u2019\u00e9tendue de vos droits et obligations.<\/p>\t\t\t\t\t\t\t\t<\/div>\n\t\t\t\t<\/div>\n\t\t\t\t<div class=\"elementor-element elementor-element-807b1b7 elementor-widget elementor-widget-heading\" data-id=\"807b1b7\" data-element_type=\"widget\" data-e-type=\"widget\" data-widget_type=\"heading.default\">\n\t\t\t\t<div class=\"elementor-widget-container\">\n\t\t\t\t\t<h2 class=\"elementor-heading-title elementor-size-default\">DROIT DE LA PROTECTION SOCIALE COMPL\u00c9MENTAIRE PR\u00c9VOYANCE ET RETRAITE\n<\/h2>\t\t\t\t<\/div>\n\t\t\t\t<\/div>\n\t\t\t\t<div class=\"elementor-element elementor-element-8353432 elementor-widget elementor-widget-text-editor\" data-id=\"8353432\" data-element_type=\"widget\" data-e-type=\"widget\" data-widget_type=\"text-editor.default\">\n\t\t\t\t<div class=\"elementor-widget-container\">\n\t\t\t\t\t\t\t\t\t<div class=\"elementor-column elementor-col-50 elementor-inner-column elementor-element elementor-element-36b5c85d\" data-id=\"36b5c85d\" data-element_type=\"column\"><div class=\"elementor-widget-wrap elementor-element-populated\"><div class=\"elementor-element elementor-element-719803fd eael-infobox-content-align-left elementor-widget elementor-widget-eael-info-box\" data-id=\"719803fd\" data-element_type=\"widget\" data-widget_type=\"eael-info-box.default\"><div class=\"elementor-widget-container\"><div class=\"eael-infobox\"><div class=\"infobox-content\"><p>(Conseil et contentieux) : Formalisme obligatoire, conditions de fond\u2026<\/p><\/div><\/div><\/div><\/div><\/div><\/div>\t\t\t\t\t\t\t\t<\/div>\n\t\t\t\t<\/div>\n\t\t\t\t<div class=\"elementor-element elementor-element-ab56ac8 elementor-widget elementor-widget-heading\" data-id=\"ab56ac8\" data-element_type=\"widget\" data-e-type=\"widget\" data-widget_type=\"heading.default\">\n\t\t\t\t<div class=\"elementor-widget-container\">\n\t\t\t\t\t<h2 class=\"elementor-heading-title elementor-size-default\">Droit\nbancaire<\/h2>\t\t\t\t<\/div>\n\t\t\t\t<\/div>\n\t\t\t\t<div class=\"elementor-element elementor-element-c726813 elementor-widget elementor-widget-text-editor\" data-id=\"c726813\" data-element_type=\"widget\" data-e-type=\"widget\" data-widget_type=\"text-editor.default\">\n\t\t\t\t<div class=\"elementor-widget-container\">\n\t\t\t\t\t\t\t\t\t<p>Le silence gard\u00e9 sur les r\u00e9clamations de votre banquier est le plus mauvais conseil qui puisse \u00eatre donn\u00e9 au consommateur. Votre avocat est \u00e0 m\u00eame de vous conseiller au mieux sur vos droits.<\/p>\t\t\t\t\t\t\t\t<\/div>\n\t\t\t\t<\/div>\n\t\t\t\t<div class=\"elementor-element elementor-element-833c6fa elementor-widget elementor-widget-heading\" data-id=\"833c6fa\" data-element_type=\"widget\" data-e-type=\"widget\" data-widget_type=\"heading.default\">\n\t\t\t\t<div class=\"elementor-widget-container\">\n\t\t\t\t\t<h2 class=\"elementor-heading-title elementor-size-default\">Droit des assurances\n<\/h2>\t\t\t\t<\/div>\n\t\t\t\t<\/div>\n\t\t\t\t<div class=\"elementor-element elementor-element-504e7d0 elementor-widget elementor-widget-text-editor\" data-id=\"504e7d0\" data-element_type=\"widget\" data-e-type=\"widget\" data-widget_type=\"text-editor.default\">\n\t\t\t\t<div class=\"elementor-widget-container\">\n\t\t\t\t\t\t\t\t\tSeul un examen minutieux de votre contrat vous permettra de conna\u00eetre l\u2019\u00e9tendue de vos garanties en cas de sinistre ou de litige.\t\t\t\t\t\t\t\t<\/div>\n\t\t\t\t<\/div>\n\t\t\t\t<div class=\"elementor-element elementor-element-4a79923 elementor-widget elementor-widget-heading\" data-id=\"4a79923\" data-element_type=\"widget\" data-e-type=\"widget\" data-widget_type=\"heading.default\">\n\t\t\t\t<div class=\"elementor-widget-container\">\n\t\t\t\t\t<h2 class=\"elementor-heading-title elementor-size-default\">Droit de la construction\n<\/h2>\t\t\t\t<\/div>\n\t\t\t\t<\/div>\n\t\t\t\t<div class=\"elementor-element elementor-element-12eeb7e elementor-widget elementor-widget-text-editor\" data-id=\"12eeb7e\" data-element_type=\"widget\" data-e-type=\"widget\" data-widget_type=\"text-editor.default\">\n\t\t\t\t<div class=\"elementor-widget-container\">\n\t\t\t\t\t\t\t\t\tLe contentieux n\u00e9cessite des comp\u00e9tences techniques et ou proc\u00e9durales que peu d&rsquo;avocats ma\u00eetrisent.\t\t\t\t\t\t\t\t<\/div>\n\t\t\t\t<\/div>\n\t\t\t\t<\/div>\n\t\t<div class=\"elementor-element elementor-element-c6b3ee8 e-con-full e-flex e-con e-child\" data-id=\"c6b3ee8\" data-element_type=\"container\" data-e-type=\"container\">\n\t\t\t\t<div class=\"elementor-element elementor-element-a6fb804 elementor-widget elementor-widget-heading\" data-id=\"a6fb804\" data-element_type=\"widget\" data-e-type=\"widget\" data-widget_type=\"heading.default\">\n\t\t\t\t<div class=\"elementor-widget-container\">\n\t\t\t\t\t<h2 class=\"elementor-heading-title elementor-size-default\">DROIT DE LA S\u00c9CURIT\u00c9 SOCIALE,\nURSSAF, RSI<\/h2>\t\t\t\t<\/div>\n\t\t\t\t<\/div>\n\t\t\t\t<div class=\"elementor-element elementor-element-be57678 elementor-widget elementor-widget-text-editor\" data-id=\"be57678\" data-element_type=\"widget\" data-e-type=\"widget\" data-widget_type=\"text-editor.default\">\n\t\t\t\t<div class=\"elementor-widget-container\">\n\t\t\t\t\t\t\t\t\t<p>(Conseil et contentieux): Validit\u00e9 du redressement URSSAF au fond et en la forme, contentieux de l\u2019assiette, contentieux du respect de la proc\u00e9dure\u2026<\/p>\t\t\t\t\t\t\t\t<\/div>\n\t\t\t\t<\/div>\n\t\t\t\t<div class=\"elementor-element elementor-element-57ace70 elementor-widget elementor-widget-heading\" data-id=\"57ace70\" data-element_type=\"widget\" data-e-type=\"widget\" data-widget_type=\"heading.default\">\n\t\t\t\t<div class=\"elementor-widget-container\">\n\t\t\t\t\t<h2 class=\"elementor-heading-title elementor-size-default\">R\u00c9MUNERATION\n<\/h2>\t\t\t\t<\/div>\n\t\t\t\t<\/div>\n\t\t\t\t<div class=\"elementor-element elementor-element-9a44e9b elementor-widget elementor-widget-text-editor\" data-id=\"9a44e9b\" data-element_type=\"widget\" data-e-type=\"widget\" data-widget_type=\"text-editor.default\">\n\t\t\t\t<div class=\"elementor-widget-container\">\n\t\t\t\t\t\t\t\t\tBulletin de paie, fixation des r\u00e9mun\u00e9rations, accord d\u2019int\u00e9ressement, participation, plan d\u2019\u00e9pargne\u2026\t\t\t\t\t\t\t\t<\/div>\n\t\t\t\t<\/div>\n\t\t\t\t<div class=\"elementor-element elementor-element-da2011a elementor-widget elementor-widget-heading\" data-id=\"da2011a\" data-element_type=\"widget\" data-e-type=\"widget\" data-widget_type=\"heading.default\">\n\t\t\t\t<div class=\"elementor-widget-container\">\n\t\t\t\t\t<h2 class=\"elementor-heading-title elementor-size-default\">DROIT COMMERCIAL\n<\/h2>\t\t\t\t<\/div>\n\t\t\t\t<\/div>\n\t\t\t\t<div class=\"elementor-element elementor-element-cdaa0de elementor-widget elementor-widget-text-editor\" data-id=\"cdaa0de\" data-element_type=\"widget\" data-e-type=\"widget\" data-widget_type=\"text-editor.default\">\n\t\t\t\t<div class=\"elementor-widget-container\">\n\t\t\t\t\t\t\t\t\tVente de fonds artisanaux et commerciaux, conditions g\u00e9n\u00e9rales de vente\t\t\t\t\t\t\t\t<\/div>\n\t\t\t\t<\/div>\n\t\t\t\t<div class=\"elementor-element elementor-element-f5d4224 elementor-widget elementor-widget-heading\" data-id=\"f5d4224\" data-element_type=\"widget\" data-e-type=\"widget\" data-widget_type=\"heading.default\">\n\t\t\t\t<div class=\"elementor-widget-container\">\n\t\t\t\t\t<h2 class=\"elementor-heading-title elementor-size-default\">BAUX COMMERCIAUX\n<\/h2>\t\t\t\t<\/div>\n\t\t\t\t<\/div>\n\t\t\t\t<div class=\"elementor-element elementor-element-6984342 elementor-widget elementor-widget-text-editor\" data-id=\"6984342\" data-element_type=\"widget\" data-e-type=\"widget\" data-widget_type=\"text-editor.default\">\n\t\t\t\t<div class=\"elementor-widget-container\">\n\t\t\t\t\t\t\t\t\tR\u00e9daction des contrats, renouvellements, modifications, assistance \u00e0 l\u2019ex\u00e9cution\t\t\t\t\t\t\t\t<\/div>\n\t\t\t\t<\/div>\n\t\t\t\t<div class=\"elementor-element elementor-element-75dd15a elementor-widget elementor-widget-heading\" data-id=\"75dd15a\" data-element_type=\"widget\" data-e-type=\"widget\" data-widget_type=\"heading.default\">\n\t\t\t\t<div class=\"elementor-widget-container\">\n\t\t\t\t\t<h2 class=\"elementor-heading-title elementor-size-default\">DROIT DES CONTRATS<\/h2>\t\t\t\t<\/div>\n\t\t\t\t<\/div>\n\t\t\t\t<div class=\"elementor-element elementor-element-92053ee elementor-widget elementor-widget-text-editor\" data-id=\"92053ee\" data-element_type=\"widget\" data-e-type=\"widget\" data-widget_type=\"text-editor.default\">\n\t\t\t\t<div class=\"elementor-widget-container\">\n\t\t\t\t\t\t\t\t\t<p>Prestations de services, agents commerciaux, mandats<\/p>\t\t\t\t\t\t\t\t<\/div>\n\t\t\t\t<\/div>\n\t\t\t\t<div class=\"elementor-element elementor-element-6e4744e elementor-widget elementor-widget-heading\" data-id=\"6e4744e\" data-element_type=\"widget\" data-e-type=\"widget\" data-widget_type=\"heading.default\">\n\t\t\t\t<div class=\"elementor-widget-container\">\n\t\t\t\t\t<h2 class=\"elementor-heading-title elementor-size-default\">Droit de la famille<\/h2>\t\t\t\t<\/div>\n\t\t\t\t<\/div>\n\t\t\t\t<div class=\"elementor-element elementor-element-d2c76ef elementor-widget elementor-widget-heading\" data-id=\"d2c76ef\" data-element_type=\"widget\" data-e-type=\"widget\" data-widget_type=\"heading.default\">\n\t\t\t\t<div class=\"elementor-widget-container\">\n\t\t\t\t\t<h2 class=\"elementor-heading-title elementor-size-default\">Divorce<\/h2>\t\t\t\t<\/div>\n\t\t\t\t<\/div>\n\t\t\t\t<div class=\"elementor-element elementor-element-b85f177 elementor-widget elementor-widget-text-editor\" data-id=\"b85f177\" data-element_type=\"widget\" data-e-type=\"widget\" data-widget_type=\"text-editor.default\">\n\t\t\t\t<div class=\"elementor-widget-container\">\n\t\t\t\t\t\t\t\t\tLes divorces constituent une activit\u00e9 traditionnelle des cabinets d\u2019avocats. A d\u00e9faut d\u2019accord, le divorce n\u2019est prononc\u00e9 que par d\u00e9monstration d\u2019une faute prouv\u00e9e du conjoint ou d\u00e9lai de s\u00e9paration de fait sup\u00e9rieur \u00e0 deux ann\u00e9es. Dans tous les cas, la recherche d\u2019une solution amiable ou transactionnelle doit \u00eatre pr\u00e9f\u00e9r\u00e9e \u00e0 une solution contentieuse.\t\t\t\t\t\t\t\t<\/div>\n\t\t\t\t<\/div>\n\t\t\t\t<div class=\"elementor-element elementor-element-3e02a01 elementor-widget elementor-widget-heading\" data-id=\"3e02a01\" data-element_type=\"widget\" data-e-type=\"widget\" data-widget_type=\"heading.default\">\n\t\t\t\t<div class=\"elementor-widget-container\">\n\t\t\t\t\t<h2 class=\"elementor-heading-title elementor-size-default\">Saisies immobili\u00e8res\n<\/h2>\t\t\t\t<\/div>\n\t\t\t\t<\/div>\n\t\t\t\t<\/div>\n\t\t\t\t\t<\/div>\n\t\t\t\t<\/div>\n\t\t\t\t<\/div>\n\t\t","protected":false},"excerpt":{"rendered":"<p>Domaines de comp\u00e9tences Droit des soci\u00e9t\u00e9s &#8211; Droit commercial -Droit du travail &#8211; Droit des assurances &#8211; Droit de la construction Nous contacter DROIT DU TRAVAIL (Conseil et Contentieux Prud\u2019homal): Licenciement pour motif personnel ou \u00e9conomique, rupture conventionnelle, dur\u00e9e du travail, r\u00e9mun\u00e9ration, harc\u00e8lement moral, discrimination, \u00e9galit\u00e9 de traitement, requalification du travail pr\u00e9caire, \u00e9lections des repr\u00e9sentants [&hellip;]<\/p>\n","protected":false},"author":1,"featured_media":0,"parent":0,"menu_order":0,"comment_status":"closed","ping_status":"closed","template":"elementor_header_footer","meta":{"footnotes":""},"class_list":["post-81","page","type-page","status-publish","hentry"],"yoast_head":"<!-- This site is optimized with the Yoast SEO plugin v27.5 - https:\/\/yoast.com\/product\/yoast-seo-wordpress\/ -->\n<title>Domaines de comp\u00e9tences - Alba avocat montauban<\/title>\n<meta name=\"robots\" content=\"index, follow, max-snippet:-1, max-image-preview:large, max-video-preview:-1\" \/>\n<link rel=\"canonical\" href=\"https:\/\/www.alba-avocats-montauban.fr\/?page_id=81\" \/>\n<meta property=\"og:locale\" content=\"fr_FR\" \/>\n<meta property=\"og:type\" content=\"article\" \/>\n<meta property=\"og:title\" content=\"Domaines de comp\u00e9tences - Alba avocat montauban\" \/>\n<meta property=\"og:description\" content=\"Domaines de comp\u00e9tences Droit des soci\u00e9t\u00e9s &#8211; Droit commercial -Droit du travail &#8211; Droit des assurances &#8211; Droit de la construction Nous contacter DROIT DU TRAVAIL (Conseil et Contentieux Prud\u2019homal): Licenciement pour motif personnel ou \u00e9conomique, rupture conventionnelle, dur\u00e9e du travail, r\u00e9mun\u00e9ration, harc\u00e8lement moral, discrimination, \u00e9galit\u00e9 de traitement, requalification du travail pr\u00e9caire, \u00e9lections des repr\u00e9sentants [&hellip;]\" \/>\n<meta property=\"og:url\" content=\"https:\/\/www.alba-avocats-montauban.fr\/?page_id=81\" \/>\n<meta property=\"og:site_name\" content=\"Alba avocat montauban\" \/>\n<meta property=\"article:modified_time\" content=\"2025-08-26T07:58:50+00:00\" \/>\n<meta name=\"twitter:card\" content=\"summary_large_image\" \/>\n<meta name=\"twitter:label1\" content=\"Dur\u00e9e de lecture estim\u00e9e\" \/>\n\t<meta name=\"twitter:data1\" content=\"2 minutes\" \/>\n<script type=\"application\/ld+json\" class=\"yoast-schema-graph\">{\"@context\":\"https:\\\/\\\/schema.org\",\"@graph\":[{\"@type\":\"WebPage\",\"@id\":\"https:\\\/\\\/www.alba-avocats-montauban.fr\\\/?page_id=81\",\"url\":\"https:\\\/\\\/www.alba-avocats-montauban.fr\\\/?page_id=81\",\"name\":\"Domaines de comp\u00e9tences - Alba avocat montauban\",\"isPartOf\":{\"@id\":\"https:\\\/\\\/www.alba-avocats-montauban.fr\\\/#website\"},\"datePublished\":\"2025-08-25T14:29:39+00:00\",\"dateModified\":\"2025-08-26T07:58:50+00:00\",\"breadcrumb\":{\"@id\":\"https:\\\/\\\/www.alba-avocats-montauban.fr\\\/?page_id=81#breadcrumb\"},\"inLanguage\":\"fr-FR\",\"potentialAction\":[{\"@type\":\"ReadAction\",\"target\":[\"https:\\\/\\\/www.alba-avocats-montauban.fr\\\/?page_id=81\"]}]},{\"@type\":\"BreadcrumbList\",\"@id\":\"https:\\\/\\\/www.alba-avocats-montauban.fr\\\/?page_id=81#breadcrumb\",\"itemListElement\":[{\"@type\":\"ListItem\",\"position\":1,\"name\":\"Accueil\",\"item\":\"https:\\\/\\\/www.alba-avocats-montauban.fr\\\/\"},{\"@type\":\"ListItem\",\"position\":2,\"name\":\"Domaines de comp\u00e9tences\"}]},{\"@type\":\"WebSite\",\"@id\":\"https:\\\/\\\/www.alba-avocats-montauban.fr\\\/#website\",\"url\":\"https:\\\/\\\/www.alba-avocats-montauban.fr\\\/\",\"name\":\"Alba avocat montauban\",\"description\":\"\",\"potentialAction\":[{\"@type\":\"SearchAction\",\"target\":{\"@type\":\"EntryPoint\",\"urlTemplate\":\"https:\\\/\\\/www.alba-avocats-montauban.fr\\\/?s={search_term_string}\"},\"query-input\":{\"@type\":\"PropertyValueSpecification\",\"valueRequired\":true,\"valueName\":\"search_term_string\"}}],\"inLanguage\":\"fr-FR\"}]}<\/script>\n<!-- \/ Yoast SEO plugin. -->","yoast_head_json":{"title":"Domaines de comp\u00e9tences - Alba avocat montauban","robots":{"index":"index","follow":"follow","max-snippet":"max-snippet:-1","max-image-preview":"max-image-preview:large","max-video-preview":"max-video-preview:-1"},"canonical":"https:\/\/www.alba-avocats-montauban.fr\/?page_id=81","og_locale":"fr_FR","og_type":"article","og_title":"Domaines de comp\u00e9tences - Alba avocat montauban","og_description":"Domaines de comp\u00e9tences Droit des soci\u00e9t\u00e9s &#8211; Droit commercial -Droit du travail &#8211; Droit des assurances &#8211; Droit de la construction Nous contacter DROIT DU TRAVAIL (Conseil et Contentieux Prud\u2019homal): Licenciement pour motif personnel ou \u00e9conomique, rupture conventionnelle, dur\u00e9e du travail, r\u00e9mun\u00e9ration, harc\u00e8lement moral, discrimination, \u00e9galit\u00e9 de traitement, requalification du travail pr\u00e9caire, \u00e9lections des repr\u00e9sentants [&hellip;]","og_url":"https:\/\/www.alba-avocats-montauban.fr\/?page_id=81","og_site_name":"Alba avocat montauban","article_modified_time":"2025-08-26T07:58:50+00:00","twitter_card":"summary_large_image","twitter_misc":{"Dur\u00e9e de lecture estim\u00e9e":"2 minutes"},"schema":{"@context":"https:\/\/schema.org","@graph":[{"@type":"WebPage","@id":"https:\/\/www.alba-avocats-montauban.fr\/?page_id=81","url":"https:\/\/www.alba-avocats-montauban.fr\/?page_id=81","name":"Domaines de comp\u00e9tences - Alba avocat montauban","isPartOf":{"@id":"https:\/\/www.alba-avocats-montauban.fr\/#website"},"datePublished":"2025-08-25T14:29:39+00:00","dateModified":"2025-08-26T07:58:50+00:00","breadcrumb":{"@id":"https:\/\/www.alba-avocats-montauban.fr\/?page_id=81#breadcrumb"},"inLanguage":"fr-FR","potentialAction":[{"@type":"ReadAction","target":["https:\/\/www.alba-avocats-montauban.fr\/?page_id=81"]}]},{"@type":"BreadcrumbList","@id":"https:\/\/www.alba-avocats-montauban.fr\/?page_id=81#breadcrumb","itemListElement":[{"@type":"ListItem","position":1,"name":"Accueil","item":"https:\/\/www.alba-avocats-montauban.fr\/"},{"@type":"ListItem","position":2,"name":"Domaines de comp\u00e9tences"}]},{"@type":"WebSite","@id":"https:\/\/www.alba-avocats-montauban.fr\/#website","url":"https:\/\/www.alba-avocats-montauban.fr\/","name":"Alba avocat montauban","description":"","potentialAction":[{"@type":"SearchAction","target":{"@type":"EntryPoint","urlTemplate":"https:\/\/www.alba-avocats-montauban.fr\/?s={search_term_string}"},"query-input":{"@type":"PropertyValueSpecification","valueRequired":true,"valueName":"search_term_string"}}],"inLanguage":"fr-FR"}]}},"_links":{"self":[{"href":"https:\/\/www.alba-avocats-montauban.fr\/index.php?rest_route=\/wp\/v2\/pages\/81","targetHints":{"allow":["GET"]}}],"collection":[{"href":"https:\/\/www.alba-avocats-montauban.fr\/index.php?rest_route=\/wp\/v2\/pages"}],"about":[{"href":"https:\/\/www.alba-avocats-montauban.fr\/index.php?rest_route=\/wp\/v2\/types\/page"}],"author":[{"embeddable":true,"href":"https:\/\/www.alba-avocats-montauban.fr\/index.php?rest_route=\/wp\/v2\/users\/1"}],"replies":[{"embeddable":true,"href":"https:\/\/www.alba-avocats-montauban.fr\/index.php?rest_route=%2Fwp%2Fv2%2Fcomments&post=81"}],"version-history":[{"count":13,"href":"https:\/\/www.alba-avocats-montauban.fr\/index.php?rest_route=\/wp\/v2\/pages\/81\/revisions"}],"predecessor-version":[{"id":148,"href":"https:\/\/www.alba-avocats-montauban.fr\/index.php?rest_route=\/wp\/v2\/pages\/81\/revisions\/148"}],"wp:attachment":[{"href":"https:\/\/www.alba-avocats-montauban.fr\/index.php?rest_route=%2Fwp%2Fv2%2Fmedia&parent=81"}],"curies":[{"name":"wp","href":"https:\/\/api.w.org\/{rel}","templated":true}]}}