{"id":79,"date":"2025-08-25T16:29:26","date_gmt":"2025-08-25T14:29:26","guid":{"rendered":"https:\/\/www.alba-avocats-montauban.fr\/?page_id=79"},"modified":"2025-08-26T11:11:20","modified_gmt":"2025-08-26T09:11:20","slug":"les-avocats","status":"publish","type":"page","link":"https:\/\/www.alba-avocats-montauban.fr\/?page_id=79","title":{"rendered":"Les avocats"},"content":{"rendered":"\t\t<div data-elementor-type=\"wp-page\" data-elementor-id=\"79\" class=\"elementor elementor-79\" data-elementor-post-type=\"page\">\n\t\t\t\t<div class=\"elementor-element elementor-element-08ed5e5 e-flex e-con-boxed e-con e-parent\" data-id=\"08ed5e5\" data-element_type=\"container\" data-e-type=\"container\" data-settings=\"{&quot;background_background&quot;:&quot;classic&quot;,&quot;shape_divider_bottom&quot;:&quot;arrow&quot;,&quot;shape_divider_bottom_negative&quot;:&quot;yes&quot;}\">\n\t\t\t\t\t<div class=\"e-con-inner\">\n\t\t\t\t<div class=\"elementor-shape elementor-shape-bottom\" aria-hidden=\"true\" data-negative=\"true\">\n\t\t\t<svg xmlns=\"http:\/\/www.w3.org\/2000\/svg\" viewBox=\"0 0 700 10\" preserveAspectRatio=\"none\">\n\t<path class=\"elementor-shape-fill\" d=\"M360 0L350 9.9 340 0 0 0 0 10 700 10 700 0\"\/>\n<\/svg>\t\t<\/div>\n\t\t\t\t<div class=\"elementor-element elementor-element-4d5fff8 elementor-widget elementor-widget-heading\" data-id=\"4d5fff8\" data-element_type=\"widget\" data-e-type=\"widget\" data-widget_type=\"heading.default\">\n\t\t\t\t<div class=\"elementor-widget-container\">\n\t\t\t\t\t<h1 class=\"elementor-heading-title elementor-size-default\">Les avocats<\/h1>\t\t\t\t<\/div>\n\t\t\t\t<\/div>\n\t\t\t\t<div class=\"elementor-element elementor-element-e3885b4 elementor-widget elementor-widget-heading\" data-id=\"e3885b4\" data-element_type=\"widget\" data-e-type=\"widget\" data-widget_type=\"heading.default\">\n\t\t\t\t<div class=\"elementor-widget-container\">\n\t\t\t\t\t<h2 class=\"elementor-heading-title elementor-size-default\">Droit des soci\u00e9t\u00e9s - Droit commercial -Droit du travail - Droit des assurances - Droit de la construction\n<\/h2>\t\t\t\t<\/div>\n\t\t\t\t<\/div>\n\t\t\t\t<div class=\"elementor-element elementor-element-b799323 elementor-align-center elementor-widget elementor-widget-button\" data-id=\"b799323\" data-element_type=\"widget\" data-e-type=\"widget\" data-widget_type=\"button.default\">\n\t\t\t\t<div class=\"elementor-widget-container\">\n\t\t\t\t\t\t\t\t\t<div class=\"elementor-button-wrapper\">\n\t\t\t\t\t<a class=\"elementor-button elementor-button-link elementor-size-sm\" href=\"#\">\n\t\t\t\t\t\t<span class=\"elementor-button-content-wrapper\">\n\t\t\t\t\t\t\t\t\t<span class=\"elementor-button-text\">Nous contacter<\/span>\n\t\t\t\t\t<\/span>\n\t\t\t\t\t<\/a>\n\t\t\t\t<\/div>\n\t\t\t\t\t\t\t\t<\/div>\n\t\t\t\t<\/div>\n\t\t\t\t\t<\/div>\n\t\t\t\t<\/div>\n\t\t<div class=\"elementor-element elementor-element-3402e3c e-flex e-con-boxed e-con e-parent\" data-id=\"3402e3c\" data-element_type=\"container\" data-e-type=\"container\">\n\t\t\t\t\t<div class=\"e-con-inner\">\n\t\t<div class=\"elementor-element elementor-element-10342da e-con-full e-flex e-con e-child\" data-id=\"10342da\" data-element_type=\"container\" data-e-type=\"container\">\n\t\t\t\t<div class=\"elementor-element elementor-element-c49a5ae elementor-position-top elementor-widget elementor-widget-image-box\" data-id=\"c49a5ae\" data-element_type=\"widget\" data-e-type=\"widget\" data-widget_type=\"image-box.default\">\n\t\t\t\t<div class=\"elementor-widget-container\">\n\t\t\t\t\t<div class=\"elementor-image-box-wrapper\"><figure class=\"elementor-image-box-img\"><img fetchpriority=\"high\" decoding=\"async\" width=\"422\" height=\"480\" src=\"https:\/\/www.alba-avocats-montauban.fr\/wp-content\/uploads\/2025\/08\/Julien-FONTANINI.jpg\" class=\"attachment-full size-full wp-image-43\" alt=\"\" srcset=\"https:\/\/www.alba-avocats-montauban.fr\/wp-content\/uploads\/2025\/08\/Julien-FONTANINI.jpg 422w, https:\/\/www.alba-avocats-montauban.fr\/wp-content\/uploads\/2025\/08\/Julien-FONTANINI-264x300.jpg 264w\" sizes=\"(max-width: 422px) 100vw, 422px\" \/><\/figure><div class=\"elementor-image-box-content\"><h3 class=\"elementor-image-box-title\">Julien FONTANINI<\/h3><p class=\"elementor-image-box-description\">Juriste depuis 2003\n<\/p><\/div><\/div>\t\t\t\t<\/div>\n\t\t\t\t<\/div>\n\t\t\t\t<div class=\"elementor-element elementor-element-98bef3b elementor-widget elementor-widget-text-editor\" data-id=\"98bef3b\" data-element_type=\"widget\" data-e-type=\"widget\" data-widget_type=\"text-editor.default\">\n\t\t\t\t<div class=\"elementor-widget-container\">\n\t\t\t\t\t\t\t\t\t<p>Juriste depuis 2003, avocat depuis juillet 2013, Ma\u00eetre Fontanini est titulaire d\u2019un DESS de gestion du personnel. Il intervient principalement en droit du travail, droit de la s\u00e9curit\u00e9 sociale, droit de la protection sociale, accident du travail, conseil en r\u00e9mun\u00e9ration du dirigeant d\u2019entreprise.<br \/><br \/>Ma\u00eetre FONTANINI a int\u00e9gr\u00e9 le cabinet Alba Avocats en 2013.<\/p>\t\t\t\t\t\t\t\t<\/div>\n\t\t\t\t<\/div>\n\t\t\t\t<div class=\"elementor-element elementor-element-4d2d55f elementor-icon-list--layout-inline elementor-list-item-link-full_width elementor-widget elementor-widget-icon-list\" data-id=\"4d2d55f\" data-element_type=\"widget\" data-e-type=\"widget\" data-widget_type=\"icon-list.default\">\n\t\t\t\t<div class=\"elementor-widget-container\">\n\t\t\t\t\t\t\t<ul class=\"elementor-icon-list-items elementor-inline-items\">\n\t\t\t\t\t\t\t<li class=\"elementor-icon-list-item elementor-inline-item\">\n\t\t\t\t\t\t\t\t\t\t\t<span class=\"elementor-icon-list-icon\">\n\t\t\t\t\t\t\t<i aria-hidden=\"true\" class=\"far fa-envelope\"><\/i>\t\t\t\t\t\t<\/span>\n\t\t\t\t\t\t\t\t\t\t<span class=\"elementor-icon-list-text\">j.fontanini@alba-avocats.fr<\/span>\n\t\t\t\t\t\t\t\t\t<\/li>\n\t\t\t\t\t\t\t\t<li class=\"elementor-icon-list-item elementor-inline-item\">\n\t\t\t\t\t\t\t\t\t\t\t<span class=\"elementor-icon-list-icon\">\n\t\t\t\t\t\t\t<i aria-hidden=\"true\" class=\"fas fa-phone-alt\"><\/i>\t\t\t\t\t\t<\/span>\n\t\t\t\t\t\t\t\t\t\t<span class=\"elementor-icon-list-text\">05 63 20 64 42<\/span>\n\t\t\t\t\t\t\t\t\t<\/li>\n\t\t\t\t\t\t<\/ul>\n\t\t\t\t\t\t<\/div>\n\t\t\t\t<\/div>\n\t\t\t\t<\/div>\n\t\t<div class=\"elementor-element elementor-element-d794dbe e-con-full e-flex e-con e-child\" data-id=\"d794dbe\" data-element_type=\"container\" data-e-type=\"container\">\n\t\t\t\t<div class=\"elementor-element elementor-element-42f2828 elementor-position-top elementor-widget elementor-widget-image-box\" data-id=\"42f2828\" data-element_type=\"widget\" data-e-type=\"widget\" data-widget_type=\"image-box.default\">\n\t\t\t\t<div class=\"elementor-widget-container\">\n\t\t\t\t\t<div class=\"elementor-image-box-wrapper\"><figure class=\"elementor-image-box-img\"><img decoding=\"async\" width=\"422\" height=\"480\" src=\"https:\/\/www.alba-avocats-montauban.fr\/wp-content\/uploads\/2025\/08\/Sandra-CABOS-2.jpg\" class=\"attachment-full size-full wp-image-44\" alt=\"\" srcset=\"https:\/\/www.alba-avocats-montauban.fr\/wp-content\/uploads\/2025\/08\/Sandra-CABOS-2.jpg 422w, https:\/\/www.alba-avocats-montauban.fr\/wp-content\/uploads\/2025\/08\/Sandra-CABOS-2-264x300.jpg 264w\" sizes=\"(max-width: 422px) 100vw, 422px\" \/><\/figure><div class=\"elementor-image-box-content\"><h3 class=\"elementor-image-box-title\">Sandra CABOS<\/h3><p class=\"elementor-image-box-description\">Avocat depuis 2002\n<\/p><\/div><\/div>\t\t\t\t<\/div>\n\t\t\t\t<\/div>\n\t\t\t\t<div class=\"elementor-element elementor-element-62d22fc elementor-widget elementor-widget-text-editor\" data-id=\"62d22fc\" data-element_type=\"widget\" data-e-type=\"widget\" data-widget_type=\"text-editor.default\">\n\t\t\t\t<div class=\"elementor-widget-container\">\n\t\t\t\t\t\t\t\t\t<p>Avocat depuis 2002. Elle est titulaire d\u2019un DJCE droit des affaires, certificat de sp\u00e9cialisation en droit des soci\u00e9t\u00e9s.<br \/><br \/>Elle intervient principalement en droit des soci\u00e9t\u00e9s, droit commercial, droit des contrats, baux commerciaux.<\/p>\t\t\t\t\t\t\t\t<\/div>\n\t\t\t\t<\/div>\n\t\t\t\t<div class=\"elementor-element elementor-element-1993a25 elementor-icon-list--layout-inline elementor-list-item-link-full_width elementor-widget elementor-widget-icon-list\" data-id=\"1993a25\" data-element_type=\"widget\" data-e-type=\"widget\" data-widget_type=\"icon-list.default\">\n\t\t\t\t<div class=\"elementor-widget-container\">\n\t\t\t\t\t\t\t<ul class=\"elementor-icon-list-items elementor-inline-items\">\n\t\t\t\t\t\t\t<li class=\"elementor-icon-list-item elementor-inline-item\">\n\t\t\t\t\t\t\t\t\t\t\t<span class=\"elementor-icon-list-icon\">\n\t\t\t\t\t\t\t<i aria-hidden=\"true\" class=\"far fa-envelope\"><\/i>\t\t\t\t\t\t<\/span>\n\t\t\t\t\t\t\t\t\t\t<span class=\"elementor-icon-list-text\">s.cabos@alba-avocats.fr<\/span>\n\t\t\t\t\t\t\t\t\t<\/li>\n\t\t\t\t\t\t\t\t<li class=\"elementor-icon-list-item elementor-inline-item\">\n\t\t\t\t\t\t\t\t\t\t\t<a href=\"http:\/\/05%2063%2020%2064%2042\">\n\n\t\t\t\t\t\t\t\t\t\t\t\t<span class=\"elementor-icon-list-icon\">\n\t\t\t\t\t\t\t<i aria-hidden=\"true\" class=\"fas fa-phone-alt\"><\/i>\t\t\t\t\t\t<\/span>\n\t\t\t\t\t\t\t\t\t\t<span class=\"elementor-icon-list-text\">05 63 20 64 42<\/span>\n\t\t\t\t\t\t\t\t\t\t\t<\/a>\n\t\t\t\t\t\t\t\t\t<\/li>\n\t\t\t\t\t\t<\/ul>\n\t\t\t\t\t\t<\/div>\n\t\t\t\t<\/div>\n\t\t\t\t<\/div>\n\t\t\t\t\t<\/div>\n\t\t\t\t<\/div>\n\t\t\t\t<\/div>\n\t\t","protected":false},"excerpt":{"rendered":"<p>Les avocats Droit des soci\u00e9t\u00e9s &#8211; Droit commercial -Droit du travail &#8211; Droit des assurances &#8211; Droit de la construction Nous contacter Julien FONTANINI Juriste depuis 2003 Juriste depuis 2003, avocat depuis juillet 2013, Ma\u00eetre Fontanini est titulaire d\u2019un DESS de gestion du personnel. Il intervient principalement en droit du travail, droit de la s\u00e9curit\u00e9 [&hellip;]<\/p>\n","protected":false},"author":1,"featured_media":0,"parent":0,"menu_order":0,"comment_status":"closed","ping_status":"closed","template":"elementor_header_footer","meta":{"footnotes":""},"class_list":["post-79","page","type-page","status-publish","hentry"],"yoast_head":"<!-- This site is optimized with the Yoast SEO plugin v27.5 - https:\/\/yoast.com\/product\/yoast-seo-wordpress\/ -->\n<title>Les avocats du cabinet Alba avocats \u00e0 Montauban (82)<\/title>\n<meta name=\"description\" content=\"Le cabinet Alba Avocats est compos\u00e9 de trois avocats aux domaines de comp\u00e9tences diff\u00e9rents, ce qui en fait un cabinet pluridisciplinaire.\" \/>\n<meta name=\"robots\" content=\"index, follow, max-snippet:-1, max-image-preview:large, max-video-preview:-1\" \/>\n<link rel=\"canonical\" href=\"https:\/\/www.alba-avocats-montauban.fr\/?page_id=79\" \/>\n<meta property=\"og:locale\" content=\"fr_FR\" \/>\n<meta property=\"og:type\" content=\"article\" \/>\n<meta property=\"og:title\" content=\"Les avocats du cabinet Alba avocats \u00e0 Montauban (82)\" \/>\n<meta property=\"og:description\" content=\"Le cabinet Alba Avocats est compos\u00e9 de trois avocats aux domaines de comp\u00e9tences diff\u00e9rents, ce qui en fait un cabinet pluridisciplinaire.\" \/>\n<meta property=\"og:url\" content=\"https:\/\/www.alba-avocats-montauban.fr\/?page_id=79\" \/>\n<meta property=\"og:site_name\" content=\"Alba avocat montauban\" \/>\n<meta property=\"article:modified_time\" content=\"2025-08-26T09:11:20+00:00\" \/>\n<meta property=\"og:image\" content=\"https:\/\/www.alba-avocats-montauban.fr\/wp-content\/uploads\/2025\/08\/Julien-FONTANINI.jpg\" \/>\n<meta name=\"twitter:card\" content=\"summary_large_image\" \/>\n<meta name=\"twitter:label1\" content=\"Dur\u00e9e de lecture estim\u00e9e\" \/>\n\t<meta name=\"twitter:data1\" content=\"2 minutes\" \/>\n<script type=\"application\/ld+json\" class=\"yoast-schema-graph\">{\"@context\":\"https:\\\/\\\/schema.org\",\"@graph\":[{\"@type\":\"WebPage\",\"@id\":\"https:\\\/\\\/www.alba-avocats-montauban.fr\\\/?page_id=79\",\"url\":\"https:\\\/\\\/www.alba-avocats-montauban.fr\\\/?page_id=79\",\"name\":\"Les avocats du cabinet Alba avocats \u00e0 Montauban (82)\",\"isPartOf\":{\"@id\":\"https:\\\/\\\/www.alba-avocats-montauban.fr\\\/#website\"},\"primaryImageOfPage\":{\"@id\":\"https:\\\/\\\/www.alba-avocats-montauban.fr\\\/?page_id=79#primaryimage\"},\"image\":{\"@id\":\"https:\\\/\\\/www.alba-avocats-montauban.fr\\\/?page_id=79#primaryimage\"},\"thumbnailUrl\":\"https:\\\/\\\/www.alba-avocats-montauban.fr\\\/wp-content\\\/uploads\\\/2025\\\/08\\\/Julien-FONTANINI.jpg\",\"datePublished\":\"2025-08-25T14:29:26+00:00\",\"dateModified\":\"2025-08-26T09:11:20+00:00\",\"description\":\"Le cabinet Alba Avocats est compos\u00e9 de trois avocats aux domaines de comp\u00e9tences diff\u00e9rents, ce qui en fait un cabinet pluridisciplinaire.\",\"breadcrumb\":{\"@id\":\"https:\\\/\\\/www.alba-avocats-montauban.fr\\\/?page_id=79#breadcrumb\"},\"inLanguage\":\"fr-FR\",\"potentialAction\":[{\"@type\":\"ReadAction\",\"target\":[\"https:\\\/\\\/www.alba-avocats-montauban.fr\\\/?page_id=79\"]}]},{\"@type\":\"ImageObject\",\"inLanguage\":\"fr-FR\",\"@id\":\"https:\\\/\\\/www.alba-avocats-montauban.fr\\\/?page_id=79#primaryimage\",\"url\":\"https:\\\/\\\/www.alba-avocats-montauban.fr\\\/wp-content\\\/uploads\\\/2025\\\/08\\\/Julien-FONTANINI.jpg\",\"contentUrl\":\"https:\\\/\\\/www.alba-avocats-montauban.fr\\\/wp-content\\\/uploads\\\/2025\\\/08\\\/Julien-FONTANINI.jpg\",\"width\":422,\"height\":480},{\"@type\":\"BreadcrumbList\",\"@id\":\"https:\\\/\\\/www.alba-avocats-montauban.fr\\\/?page_id=79#breadcrumb\",\"itemListElement\":[{\"@type\":\"ListItem\",\"position\":1,\"name\":\"Accueil\",\"item\":\"https:\\\/\\\/www.alba-avocats-montauban.fr\\\/\"},{\"@type\":\"ListItem\",\"position\":2,\"name\":\"Les avocats\"}]},{\"@type\":\"WebSite\",\"@id\":\"https:\\\/\\\/www.alba-avocats-montauban.fr\\\/#website\",\"url\":\"https:\\\/\\\/www.alba-avocats-montauban.fr\\\/\",\"name\":\"Alba avocat montauban\",\"description\":\"\",\"potentialAction\":[{\"@type\":\"SearchAction\",\"target\":{\"@type\":\"EntryPoint\",\"urlTemplate\":\"https:\\\/\\\/www.alba-avocats-montauban.fr\\\/?s={search_term_string}\"},\"query-input\":{\"@type\":\"PropertyValueSpecification\",\"valueRequired\":true,\"valueName\":\"search_term_string\"}}],\"inLanguage\":\"fr-FR\"}]}<\/script>\n<!-- \/ Yoast SEO plugin. -->","yoast_head_json":{"title":"Les avocats du cabinet Alba avocats \u00e0 Montauban (82)","description":"Le cabinet Alba Avocats est compos\u00e9 de trois avocats aux domaines de comp\u00e9tences diff\u00e9rents, ce qui en fait un cabinet pluridisciplinaire.","robots":{"index":"index","follow":"follow","max-snippet":"max-snippet:-1","max-image-preview":"max-image-preview:large","max-video-preview":"max-video-preview:-1"},"canonical":"https:\/\/www.alba-avocats-montauban.fr\/?page_id=79","og_locale":"fr_FR","og_type":"article","og_title":"Les avocats du cabinet Alba avocats \u00e0 Montauban (82)","og_description":"Le cabinet Alba Avocats est compos\u00e9 de trois avocats aux domaines de comp\u00e9tences diff\u00e9rents, ce qui en fait un cabinet pluridisciplinaire.","og_url":"https:\/\/www.alba-avocats-montauban.fr\/?page_id=79","og_site_name":"Alba avocat montauban","article_modified_time":"2025-08-26T09:11:20+00:00","og_image":[{"url":"https:\/\/www.alba-avocats-montauban.fr\/wp-content\/uploads\/2025\/08\/Julien-FONTANINI.jpg","type":"","width":"","height":""}],"twitter_card":"summary_large_image","twitter_misc":{"Dur\u00e9e de lecture estim\u00e9e":"2 minutes"},"schema":{"@context":"https:\/\/schema.org","@graph":[{"@type":"WebPage","@id":"https:\/\/www.alba-avocats-montauban.fr\/?page_id=79","url":"https:\/\/www.alba-avocats-montauban.fr\/?page_id=79","name":"Les avocats du cabinet Alba avocats \u00e0 Montauban (82)","isPartOf":{"@id":"https:\/\/www.alba-avocats-montauban.fr\/#website"},"primaryImageOfPage":{"@id":"https:\/\/www.alba-avocats-montauban.fr\/?page_id=79#primaryimage"},"image":{"@id":"https:\/\/www.alba-avocats-montauban.fr\/?page_id=79#primaryimage"},"thumbnailUrl":"https:\/\/www.alba-avocats-montauban.fr\/wp-content\/uploads\/2025\/08\/Julien-FONTANINI.jpg","datePublished":"2025-08-25T14:29:26+00:00","dateModified":"2025-08-26T09:11:20+00:00","description":"Le cabinet Alba Avocats est compos\u00e9 de trois avocats aux domaines de comp\u00e9tences diff\u00e9rents, ce qui en fait un cabinet pluridisciplinaire.","breadcrumb":{"@id":"https:\/\/www.alba-avocats-montauban.fr\/?page_id=79#breadcrumb"},"inLanguage":"fr-FR","potentialAction":[{"@type":"ReadAction","target":["https:\/\/www.alba-avocats-montauban.fr\/?page_id=79"]}]},{"@type":"ImageObject","inLanguage":"fr-FR","@id":"https:\/\/www.alba-avocats-montauban.fr\/?page_id=79#primaryimage","url":"https:\/\/www.alba-avocats-montauban.fr\/wp-content\/uploads\/2025\/08\/Julien-FONTANINI.jpg","contentUrl":"https:\/\/www.alba-avocats-montauban.fr\/wp-content\/uploads\/2025\/08\/Julien-FONTANINI.jpg","width":422,"height":480},{"@type":"BreadcrumbList","@id":"https:\/\/www.alba-avocats-montauban.fr\/?page_id=79#breadcrumb","itemListElement":[{"@type":"ListItem","position":1,"name":"Accueil","item":"https:\/\/www.alba-avocats-montauban.fr\/"},{"@type":"ListItem","position":2,"name":"Les avocats"}]},{"@type":"WebSite","@id":"https:\/\/www.alba-avocats-montauban.fr\/#website","url":"https:\/\/www.alba-avocats-montauban.fr\/","name":"Alba avocat montauban","description":"","potentialAction":[{"@type":"SearchAction","target":{"@type":"EntryPoint","urlTemplate":"https:\/\/www.alba-avocats-montauban.fr\/?s={search_term_string}"},"query-input":{"@type":"PropertyValueSpecification","valueRequired":true,"valueName":"search_term_string"}}],"inLanguage":"fr-FR"}]}},"_links":{"self":[{"href":"https:\/\/www.alba-avocats-montauban.fr\/index.php?rest_route=\/wp\/v2\/pages\/79","targetHints":{"allow":["GET"]}}],"collection":[{"href":"https:\/\/www.alba-avocats-montauban.fr\/index.php?rest_route=\/wp\/v2\/pages"}],"about":[{"href":"https:\/\/www.alba-avocats-montauban.fr\/index.php?rest_route=\/wp\/v2\/types\/page"}],"author":[{"embeddable":true,"href":"https:\/\/www.alba-avocats-montauban.fr\/index.php?rest_route=\/wp\/v2\/users\/1"}],"replies":[{"embeddable":true,"href":"https:\/\/www.alba-avocats-montauban.fr\/index.php?rest_route=%2Fwp%2Fv2%2Fcomments&post=79"}],"version-history":[{"count":7,"href":"https:\/\/www.alba-avocats-montauban.fr\/index.php?rest_route=\/wp\/v2\/pages\/79\/revisions"}],"predecessor-version":[{"id":145,"href":"https:\/\/www.alba-avocats-montauban.fr\/index.php?rest_route=\/wp\/v2\/pages\/79\/revisions\/145"}],"wp:attachment":[{"href":"https:\/\/www.alba-avocats-montauban.fr\/index.php?rest_route=%2Fwp%2Fv2%2Fmedia&parent=79"}],"curies":[{"name":"wp","href":"https:\/\/api.w.org\/{rel}","templated":true}]}}