{"id":13,"date":"2025-08-25T14:35:32","date_gmt":"2025-08-25T12:35:32","guid":{"rendered":"https:\/\/www.alba-avocats-montauban.fr\/?page_id=13"},"modified":"2025-11-25T15:27:44","modified_gmt":"2025-11-25T14:27:44","slug":"accueil","status":"publish","type":"page","link":"https:\/\/www.alba-avocats-montauban.fr\/","title":{"rendered":"Accueil"},"content":{"rendered":"\t\t<div data-elementor-type=\"wp-page\" data-elementor-id=\"13\" class=\"elementor elementor-13\" data-elementor-post-type=\"page\">\n\t\t\t\t<div class=\"elementor-element elementor-element-1c360d1 e-flex e-con-boxed e-con e-parent\" data-id=\"1c360d1\" data-element_type=\"container\" data-e-type=\"container\" data-settings=\"{&quot;background_background&quot;:&quot;classic&quot;,&quot;shape_divider_bottom&quot;:&quot;arrow&quot;,&quot;shape_divider_bottom_negative&quot;:&quot;yes&quot;}\">\n\t\t\t\t\t<div class=\"e-con-inner\">\n\t\t\t\t<div class=\"elementor-shape elementor-shape-bottom\" aria-hidden=\"true\" data-negative=\"true\">\n\t\t\t<svg xmlns=\"http:\/\/www.w3.org\/2000\/svg\" viewBox=\"0 0 700 10\" preserveAspectRatio=\"none\">\n\t<path class=\"elementor-shape-fill\" d=\"M360 0L350 9.9 340 0 0 0 0 10 700 10 700 0\"\/>\n<\/svg>\t\t<\/div>\n\t\t\t\t<div class=\"elementor-element elementor-element-de8db87 elementor-hidden-tablet elementor-hidden-mobile elementor-widget elementor-widget-image\" data-id=\"de8db87\" data-element_type=\"widget\" data-e-type=\"widget\" data-widget_type=\"image.default\">\n\t\t\t\t<div class=\"elementor-widget-container\">\n\t\t\t\t\t\t\t\t\t\t\t\t\t\t\t<img decoding=\"async\" width=\"171\" height=\"191\" src=\"https:\/\/www.alba-avocats-montauban.fr\/wp-content\/uploads\/2025\/08\/logo-alba-avocats.png\" class=\"attachment-full size-full wp-image-25\" alt=\"\" \/>\t\t\t\t\t\t\t\t\t\t\t\t\t\t\t<\/div>\n\t\t\t\t<\/div>\n\t\t\t\t<div class=\"elementor-element elementor-element-6eac217 elementor-widget elementor-widget-heading\" data-id=\"6eac217\" data-element_type=\"widget\" data-e-type=\"widget\" data-widget_type=\"heading.default\">\n\t\t\t\t<div class=\"elementor-widget-container\">\n\t\t\t\t\t<h1 class=\"elementor-heading-title elementor-size-default\">Une \u00e9quipe de 3 avocats \u00e0 Montauban orient\u00e9s vers le service aux entreprises<\/h1>\t\t\t\t<\/div>\n\t\t\t\t<\/div>\n\t\t\t\t<div class=\"elementor-element elementor-element-124299e elementor-widget elementor-widget-heading\" data-id=\"124299e\" data-element_type=\"widget\" data-e-type=\"widget\" data-widget_type=\"heading.default\">\n\t\t\t\t<div class=\"elementor-widget-container\">\n\t\t\t\t\t<h2 class=\"elementor-heading-title elementor-size-default\">Droit des soci\u00e9t\u00e9s - Droit commercial -Droit du travail - Droit des assurances - Droit de la construction\n<\/h2>\t\t\t\t<\/div>\n\t\t\t\t<\/div>\n\t\t\t\t<div class=\"elementor-element elementor-element-6dc5598 elementor-align-center elementor-widget elementor-widget-button\" data-id=\"6dc5598\" data-element_type=\"widget\" data-e-type=\"widget\" data-widget_type=\"button.default\">\n\t\t\t\t<div class=\"elementor-widget-container\">\n\t\t\t\t\t\t\t\t\t<div class=\"elementor-button-wrapper\">\n\t\t\t\t\t<a class=\"elementor-button elementor-button-link elementor-size-sm\" href=\"#\">\n\t\t\t\t\t\t<span class=\"elementor-button-content-wrapper\">\n\t\t\t\t\t\t\t\t\t<span class=\"elementor-button-text\">Nous contacter<\/span>\n\t\t\t\t\t<\/span>\n\t\t\t\t\t<\/a>\n\t\t\t\t<\/div>\n\t\t\t\t\t\t\t\t<\/div>\n\t\t\t\t<\/div>\n\t\t\t\t\t<\/div>\n\t\t\t\t<\/div>\n\t\t<div class=\"elementor-element elementor-element-e0d47d9 e-flex e-con-boxed e-con e-parent\" data-id=\"e0d47d9\" data-element_type=\"container\" data-e-type=\"container\">\n\t\t\t\t\t<div class=\"e-con-inner\">\n\t\t<div class=\"elementor-element elementor-element-2939735 e-con-full e-flex e-con e-child\" data-id=\"2939735\" data-element_type=\"container\" data-e-type=\"container\">\n\t\t\t\t<div class=\"elementor-element elementor-element-7a878ab elementor-widget elementor-widget-heading\" data-id=\"7a878ab\" data-element_type=\"widget\" data-e-type=\"widget\" data-widget_type=\"heading.default\">\n\t\t\t\t<div class=\"elementor-widget-container\">\n\t\t\t\t\t<h2 class=\"elementor-heading-title elementor-size-default\">Cabinet d'avocats\n<\/h2>\t\t\t\t<\/div>\n\t\t\t\t<\/div>\n\t\t\t\t<div class=\"elementor-element elementor-element-78a2114 elementor-widget elementor-widget-heading\" data-id=\"78a2114\" data-element_type=\"widget\" data-e-type=\"widget\" data-widget_type=\"heading.default\">\n\t\t\t\t<div class=\"elementor-widget-container\">\n\t\t\t\t\t<h2 class=\"elementor-heading-title elementor-size-default\">Cabinet d\u2019avocats intervenant en :<\/h2>\t\t\t\t<\/div>\n\t\t\t\t<\/div>\n\t\t\t\t<div class=\"elementor-element elementor-element-25b5f3f elementor-widget elementor-widget-text-editor\" data-id=\"25b5f3f\" data-element_type=\"widget\" data-e-type=\"widget\" data-widget_type=\"text-editor.default\">\n\t\t\t\t<div class=\"elementor-widget-container\">\n\t\t\t\t\t\t\t\t\t<p>\u00a0<\/p><ul class=\"elementor-icon-list-items\"><li class=\"elementor-icon-list-item\"><i class=\"far fa-dot-circle\" aria-hidden=\"true\"><\/i><span class=\"elementor-icon-list-text\">Droit des soci\u00e9t\u00e9s<\/span><\/li><li class=\"elementor-icon-list-item\"><i class=\"far fa-dot-circle\" aria-hidden=\"true\"><\/i><span class=\"elementor-icon-list-text\">Droit commercial<\/span><\/li><li class=\"elementor-icon-list-item\"><i class=\"far fa-dot-circle\" aria-hidden=\"true\"><\/i><span class=\"elementor-icon-list-text\">Droit du travail<\/span><\/li><li class=\"elementor-icon-list-item\"><i class=\"far fa-dot-circle\" aria-hidden=\"true\"><\/i><span class=\"elementor-icon-list-text\">Droit des assurances<\/span><\/li><li class=\"elementor-icon-list-item\"><i class=\"far fa-dot-circle\" aria-hidden=\"true\"><\/i><span class=\"elementor-icon-list-text\">Droit de la construction<\/span><\/li><li class=\"elementor-icon-list-item\"><i class=\"far fa-dot-circle\" aria-hidden=\"true\"><\/i><span class=\"elementor-icon-list-text\">Droit social<\/span><\/li><li class=\"elementor-icon-list-item\"><i class=\"far fa-dot-circle\" aria-hidden=\"true\"><\/i><span class=\"elementor-icon-list-text\">Droit bancaire<\/span><\/li><li class=\"elementor-icon-list-item\"><i class=\"far fa-dot-circle\" aria-hidden=\"true\"><\/i><span class=\"elementor-icon-list-text\">adjudications sur saisies immobili\u00e8res<\/span><\/li><\/ul>\t\t\t\t\t\t\t\t<\/div>\n\t\t\t\t<\/div>\n\t\t\t\t<div class=\"elementor-element elementor-element-695cd6b elementor-align-left elementor-widget elementor-widget-button\" data-id=\"695cd6b\" data-element_type=\"widget\" data-e-type=\"widget\" data-widget_type=\"button.default\">\n\t\t\t\t<div class=\"elementor-widget-container\">\n\t\t\t\t\t\t\t\t\t<div class=\"elementor-button-wrapper\">\n\t\t\t\t\t<a class=\"elementor-button elementor-button-link elementor-size-sm\" href=\"#\">\n\t\t\t\t\t\t<span class=\"elementor-button-content-wrapper\">\n\t\t\t\t\t\t\t\t\t<span class=\"elementor-button-text\">Nous contacter<\/span>\n\t\t\t\t\t<\/span>\n\t\t\t\t\t<\/a>\n\t\t\t\t<\/div>\n\t\t\t\t\t\t\t\t<\/div>\n\t\t\t\t<\/div>\n\t\t\t\t<\/div>\n\t\t<div class=\"elementor-element elementor-element-ce3cba0 e-con-full e-flex e-con e-child\" data-id=\"ce3cba0\" data-element_type=\"container\" data-e-type=\"container\">\n\t\t\t\t<div class=\"elementor-element elementor-element-2c5d01d elementor-widget elementor-widget-image\" data-id=\"2c5d01d\" data-element_type=\"widget\" data-e-type=\"widget\" data-widget_type=\"image.default\">\n\t\t\t\t<div class=\"elementor-widget-container\">\n\t\t\t\t\t\t\t\t\t\t\t\t\t\t\t<img fetchpriority=\"high\" decoding=\"async\" width=\"800\" height=\"600\" src=\"https:\/\/www.alba-avocats-montauban.fr\/wp-content\/uploads\/2025\/08\/imgi_4_alba-avocats-photo-sol1-1024x768.jpg\" class=\"attachment-large size-large wp-image-139\" alt=\"\" srcset=\"https:\/\/www.alba-avocats-montauban.fr\/wp-content\/uploads\/2025\/08\/imgi_4_alba-avocats-photo-sol1-1024x768.jpg 1024w, https:\/\/www.alba-avocats-montauban.fr\/wp-content\/uploads\/2025\/08\/imgi_4_alba-avocats-photo-sol1-300x225.jpg 300w, https:\/\/www.alba-avocats-montauban.fr\/wp-content\/uploads\/2025\/08\/imgi_4_alba-avocats-photo-sol1-768x576.jpg 768w, https:\/\/www.alba-avocats-montauban.fr\/wp-content\/uploads\/2025\/08\/imgi_4_alba-avocats-photo-sol1.jpg 1200w\" sizes=\"(max-width: 800px) 100vw, 800px\" \/>\t\t\t\t\t\t\t\t\t\t\t\t\t\t\t<\/div>\n\t\t\t\t<\/div>\n\t\t\t\t<div class=\"elementor-element elementor-element-5b5889b elementor-widget elementor-widget-image\" data-id=\"5b5889b\" data-element_type=\"widget\" data-e-type=\"widget\" data-widget_type=\"image.default\">\n\t\t\t\t<div class=\"elementor-widget-container\">\n\t\t\t\t\t\t\t\t\t\t\t\t\t\t\t<img decoding=\"async\" width=\"662\" height=\"330\" src=\"https:\/\/www.alba-avocats-montauban.fr\/wp-content\/uploads\/2025\/08\/imgi_5_avocat.jpg\" class=\"attachment-large size-large wp-image-158\" alt=\"\" srcset=\"https:\/\/www.alba-avocats-montauban.fr\/wp-content\/uploads\/2025\/08\/imgi_5_avocat.jpg 662w, https:\/\/www.alba-avocats-montauban.fr\/wp-content\/uploads\/2025\/08\/imgi_5_avocat-300x150.jpg 300w\" sizes=\"(max-width: 662px) 100vw, 662px\" \/>\t\t\t\t\t\t\t\t\t\t\t\t\t\t\t<\/div>\n\t\t\t\t<\/div>\n\t\t\t\t<div class=\"elementor-element elementor-element-da66da2 elementor-widget elementor-widget-image\" data-id=\"da66da2\" data-element_type=\"widget\" data-e-type=\"widget\" data-widget_type=\"image.default\">\n\t\t\t\t<div class=\"elementor-widget-container\">\n\t\t\t\t\t\t\t\t\t\t\t\t\t\t\t<img loading=\"lazy\" decoding=\"async\" width=\"662\" height=\"330\" src=\"https:\/\/www.alba-avocats-montauban.fr\/wp-content\/uploads\/2025\/08\/imgi_6_salle-d-attente.jpg\" class=\"attachment-large size-large wp-image-159\" alt=\"\" srcset=\"https:\/\/www.alba-avocats-montauban.fr\/wp-content\/uploads\/2025\/08\/imgi_6_salle-d-attente.jpg 662w, https:\/\/www.alba-avocats-montauban.fr\/wp-content\/uploads\/2025\/08\/imgi_6_salle-d-attente-300x150.jpg 300w\" sizes=\"(max-width: 662px) 100vw, 662px\" \/>\t\t\t\t\t\t\t\t\t\t\t\t\t\t\t<\/div>\n\t\t\t\t<\/div>\n\t\t\t\t<\/div>\n\t\t\t\t\t<\/div>\n\t\t\t\t<\/div>\n\t\t<div class=\"elementor-element elementor-element-b5e8d37 e-flex e-con-boxed e-con e-parent\" data-id=\"b5e8d37\" data-element_type=\"container\" data-e-type=\"container\">\n\t\t\t\t\t<div class=\"e-con-inner\">\n\t\t<div class=\"elementor-element elementor-element-a9ab187 e-con-full e-flex e-con e-child\" data-id=\"a9ab187\" data-element_type=\"container\" data-e-type=\"container\">\n\t\t\t\t<div class=\"elementor-element elementor-element-1b89f27 elementor-widget elementor-widget-image\" data-id=\"1b89f27\" data-element_type=\"widget\" data-e-type=\"widget\" data-widget_type=\"image.default\">\n\t\t\t\t<div class=\"elementor-widget-container\">\n\t\t\t\t\t\t\t\t\t\t\t\t\t\t\t<img loading=\"lazy\" decoding=\"async\" width=\"768\" height=\"514\" src=\"https:\/\/www.alba-avocats-montauban.fr\/wp-content\/uploads\/2025\/08\/imgi_41_alba-avocats-photo-aerienne2-768x514-1.jpg\" class=\"attachment-full size-full wp-image-166\" alt=\"\" srcset=\"https:\/\/www.alba-avocats-montauban.fr\/wp-content\/uploads\/2025\/08\/imgi_41_alba-avocats-photo-aerienne2-768x514-1.jpg 768w, https:\/\/www.alba-avocats-montauban.fr\/wp-content\/uploads\/2025\/08\/imgi_41_alba-avocats-photo-aerienne2-768x514-1-300x201.jpg 300w\" sizes=\"(max-width: 768px) 100vw, 768px\" \/>\t\t\t\t\t\t\t\t\t\t\t\t\t\t\t<\/div>\n\t\t\t\t<\/div>\n\t\t\t\t<\/div>\n\t\t<div class=\"elementor-element elementor-element-26a190d e-con-full e-flex e-con e-child\" data-id=\"26a190d\" data-element_type=\"container\" data-e-type=\"container\">\n\t\t\t\t<div class=\"elementor-element elementor-element-c9fe6eb elementor-widget elementor-widget-heading\" data-id=\"c9fe6eb\" data-element_type=\"widget\" data-e-type=\"widget\" data-widget_type=\"heading.default\">\n\t\t\t\t<div class=\"elementor-widget-container\">\n\t\t\t\t\t<h2 class=\"elementor-heading-title elementor-size-default\">Intervention\n<\/h2>\t\t\t\t<\/div>\n\t\t\t\t<\/div>\n\t\t\t\t<div class=\"elementor-element elementor-element-161d6bf elementor-widget elementor-widget-heading\" data-id=\"161d6bf\" data-element_type=\"widget\" data-e-type=\"widget\" data-widget_type=\"heading.default\">\n\t\t\t\t<div class=\"elementor-widget-container\">\n\t\t\t\t\t<h2 class=\"elementor-heading-title elementor-size-default\">en conseil et en contentieux\n<\/h2>\t\t\t\t<\/div>\n\t\t\t\t<\/div>\n\t\t\t\t<div class=\"elementor-element elementor-element-19aced8 elementor-widget elementor-widget-text-editor\" data-id=\"19aced8\" data-element_type=\"widget\" data-e-type=\"widget\" data-widget_type=\"text-editor.default\">\n\t\t\t\t<div class=\"elementor-widget-container\">\n\t\t\t\t\t\t\t\t\t<p>Implant\u00e9 \u00e0 Montauban (82) sur la zone industrielle Albasud, le cabinet Alba Avocats est compos\u00e9 d\u2019avocats reconnus dans leurs domaines d\u2019intervention. Pluridisciplinaire, l\u2019activit\u00e9 du cabinet Alba Avocats est orient\u00e9e vers les professionnels et entreprises.<\/p>\t\t\t\t\t\t\t\t<\/div>\n\t\t\t\t<\/div>\n\t\t\t\t<div class=\"elementor-element elementor-element-8aa3910 elementor-align-left elementor-widget elementor-widget-button\" data-id=\"8aa3910\" data-element_type=\"widget\" data-e-type=\"widget\" data-widget_type=\"button.default\">\n\t\t\t\t<div class=\"elementor-widget-container\">\n\t\t\t\t\t\t\t\t\t<div class=\"elementor-button-wrapper\">\n\t\t\t\t\t<a class=\"elementor-button elementor-button-link elementor-size-sm\" href=\"#\">\n\t\t\t\t\t\t<span class=\"elementor-button-content-wrapper\">\n\t\t\t\t\t\t\t\t\t<span class=\"elementor-button-text\">En savoir plus<\/span>\n\t\t\t\t\t<\/span>\n\t\t\t\t\t<\/a>\n\t\t\t\t<\/div>\n\t\t\t\t\t\t\t\t<\/div>\n\t\t\t\t<\/div>\n\t\t\t\t<\/div>\n\t\t\t\t\t<\/div>\n\t\t\t\t<\/div>\n\t\t<div class=\"elementor-element elementor-element-7e63b56 e-flex e-con-boxed e-con e-parent\" data-id=\"7e63b56\" data-element_type=\"container\" data-e-type=\"container\" data-settings=\"{&quot;background_background&quot;:&quot;classic&quot;}\">\n\t\t\t\t\t<div class=\"e-con-inner\">\n\t\t\t\t<div class=\"elementor-element elementor-element-bade5d7 elementor-widget elementor-widget-heading\" data-id=\"bade5d7\" data-element_type=\"widget\" data-e-type=\"widget\" data-widget_type=\"heading.default\">\n\t\t\t\t<div class=\"elementor-widget-container\">\n\t\t\t\t\t<h2 class=\"elementor-heading-title elementor-size-default\">Nos engagements\n<\/h2>\t\t\t\t<\/div>\n\t\t\t\t<\/div>\n\t\t\t\t<div class=\"elementor-element elementor-element-6cb0078 elementor-widget elementor-widget-heading\" data-id=\"6cb0078\" data-element_type=\"widget\" data-e-type=\"widget\" data-widget_type=\"heading.default\">\n\t\t\t\t<div class=\"elementor-widget-container\">\n\t\t\t\t\t<h2 class=\"elementor-heading-title elementor-size-default\">Une relation de confiance indispensable\n<\/h2>\t\t\t\t<\/div>\n\t\t\t\t<\/div>\n\t\t<div class=\"elementor-element elementor-element-322c796 e-con-full e-flex e-con e-child\" data-id=\"322c796\" data-element_type=\"container\" data-e-type=\"container\">\n\t\t\t\t<div class=\"elementor-element elementor-element-da2105f elementor-view-framed elementor-shape-square elementor-position-block-start elementor-mobile-position-block-start elementor-widget elementor-widget-icon-box\" data-id=\"da2105f\" data-element_type=\"widget\" data-e-type=\"widget\" data-widget_type=\"icon-box.default\">\n\t\t\t\t<div class=\"elementor-widget-container\">\n\t\t\t\t\t\t\t<div class=\"elementor-icon-box-wrapper\">\n\n\t\t\t\t\t\t<div class=\"elementor-icon-box-icon\">\n\t\t\t\t<span  class=\"elementor-icon\">\n\t\t\t\t<i aria-hidden=\"true\" class=\"far fa-handshake\"><\/i>\t\t\t\t<\/span>\n\t\t\t<\/div>\n\t\t\t\n\t\t\t\t\t\t<div class=\"elementor-icon-box-content\">\n\n\t\t\t\t\t\t\t\t\t<h3 class=\"elementor-icon-box-title\">\n\t\t\t\t\t\t<span  >\n\t\t\t\t\t\t\tDes avocats sp\u00e9cialis\u00e9s\t\t\t\t\t\t<\/span>\n\t\t\t\t\t<\/h3>\n\t\t\t\t\n\t\t\t\t\n\t\t\t<\/div>\n\t\t\t\n\t\t<\/div>\n\t\t\t\t\t\t<\/div>\n\t\t\t\t<\/div>\n\t\t\t\t<div class=\"elementor-element elementor-element-0857dff elementor-view-framed elementor-shape-square elementor-position-block-start elementor-mobile-position-block-start elementor-widget elementor-widget-icon-box\" data-id=\"0857dff\" data-element_type=\"widget\" data-e-type=\"widget\" data-widget_type=\"icon-box.default\">\n\t\t\t\t<div class=\"elementor-widget-container\">\n\t\t\t\t\t\t\t<div class=\"elementor-icon-box-wrapper\">\n\n\t\t\t\t\t\t<div class=\"elementor-icon-box-icon\">\n\t\t\t\t<span  class=\"elementor-icon\">\n\t\t\t\t<i aria-hidden=\"true\" class=\"far fa-gem\"><\/i>\t\t\t\t<\/span>\n\t\t\t<\/div>\n\t\t\t\n\t\t\t\t\t\t<div class=\"elementor-icon-box-content\">\n\n\t\t\t\t\t\t\t\t\t<h3 class=\"elementor-icon-box-title\">\n\t\t\t\t\t\t<span  >\n\t\t\t\t\t\t\tDes r\u00e8gles d\u00e9ontologiques\t\t\t\t\t\t<\/span>\n\t\t\t\t\t<\/h3>\n\t\t\t\t\n\t\t\t\t\n\t\t\t<\/div>\n\t\t\t\n\t\t<\/div>\n\t\t\t\t\t\t<\/div>\n\t\t\t\t<\/div>\n\t\t\t\t<div class=\"elementor-element elementor-element-afa8dc8 elementor-view-framed elementor-shape-square elementor-position-block-start elementor-mobile-position-block-start elementor-widget elementor-widget-icon-box\" data-id=\"afa8dc8\" data-element_type=\"widget\" data-e-type=\"widget\" data-widget_type=\"icon-box.default\">\n\t\t\t\t<div class=\"elementor-widget-container\">\n\t\t\t\t\t\t\t<div class=\"elementor-icon-box-wrapper\">\n\n\t\t\t\t\t\t<div class=\"elementor-icon-box-icon\">\n\t\t\t\t<span  class=\"elementor-icon\">\n\t\t\t\t<i aria-hidden=\"true\" class=\"fas fa-cogs\"><\/i>\t\t\t\t<\/span>\n\t\t\t<\/div>\n\t\t\t\n\t\t\t\t\t\t<div class=\"elementor-icon-box-content\">\n\n\t\t\t\t\t\t\t\t\t<h3 class=\"elementor-icon-box-title\">\n\t\t\t\t\t\t<span  >\n\t\t\t\t\t\t\tUne pluralit\u00e9 de comp\u00e9tences\t\t\t\t\t\t<\/span>\n\t\t\t\t\t<\/h3>\n\t\t\t\t\n\t\t\t\t\n\t\t\t<\/div>\n\t\t\t\n\t\t<\/div>\n\t\t\t\t\t\t<\/div>\n\t\t\t\t<\/div>\n\t\t\t\t<\/div>\n\t\t\t\t\t<\/div>\n\t\t\t\t<\/div>\n\t\t<div class=\"elementor-element elementor-element-2b437c2 e-flex e-con-boxed e-con e-parent\" data-id=\"2b437c2\" data-element_type=\"container\" data-e-type=\"container\">\n\t\t\t\t\t<div class=\"e-con-inner\">\n\t\t\t\t<div class=\"elementor-element elementor-element-08d8a13 elementor-widget elementor-widget-heading\" data-id=\"08d8a13\" data-element_type=\"widget\" data-e-type=\"widget\" data-widget_type=\"heading.default\">\n\t\t\t\t<div class=\"elementor-widget-container\">\n\t\t\t\t\t<h2 class=\"elementor-heading-title elementor-size-default\">Les avocats<\/h2>\t\t\t\t<\/div>\n\t\t\t\t<\/div>\n\t\t<div class=\"elementor-element elementor-element-04463a8 e-con-full e-flex e-con e-child\" data-id=\"04463a8\" data-element_type=\"container\" data-e-type=\"container\">\n\t\t\t\t<div class=\"elementor-element elementor-element-3c41323 elementor-position-top elementor-widget elementor-widget-image-box\" data-id=\"3c41323\" data-element_type=\"widget\" data-e-type=\"widget\" data-widget_type=\"image-box.default\">\n\t\t\t\t<div class=\"elementor-widget-container\">\n\t\t\t\t\t<div class=\"elementor-image-box-wrapper\"><figure class=\"elementor-image-box-img\"><img loading=\"lazy\" decoding=\"async\" width=\"422\" height=\"480\" src=\"https:\/\/www.alba-avocats-montauban.fr\/wp-content\/uploads\/2025\/08\/Julien-FONTANINI.jpg\" class=\"attachment-full size-full wp-image-43\" alt=\"\" srcset=\"https:\/\/www.alba-avocats-montauban.fr\/wp-content\/uploads\/2025\/08\/Julien-FONTANINI.jpg 422w, https:\/\/www.alba-avocats-montauban.fr\/wp-content\/uploads\/2025\/08\/Julien-FONTANINI-264x300.jpg 264w\" sizes=\"(max-width: 422px) 100vw, 422px\" \/><\/figure><div class=\"elementor-image-box-content\"><h3 class=\"elementor-image-box-title\">Julien FONTANINI<\/h3><p class=\"elementor-image-box-description\">Juriste depuis 2003\n<\/p><\/div><\/div>\t\t\t\t<\/div>\n\t\t\t\t<\/div>\n\t\t\t\t<div class=\"elementor-element elementor-element-4ba3e10 elementor-position-top elementor-widget elementor-widget-image-box\" data-id=\"4ba3e10\" data-element_type=\"widget\" data-e-type=\"widget\" data-widget_type=\"image-box.default\">\n\t\t\t\t<div class=\"elementor-widget-container\">\n\t\t\t\t\t<div class=\"elementor-image-box-wrapper\"><figure class=\"elementor-image-box-img\"><img loading=\"lazy\" decoding=\"async\" width=\"422\" height=\"480\" src=\"https:\/\/www.alba-avocats-montauban.fr\/wp-content\/uploads\/2025\/08\/Sandra-CABOS-2.jpg\" class=\"attachment-full size-full wp-image-44\" alt=\"\" srcset=\"https:\/\/www.alba-avocats-montauban.fr\/wp-content\/uploads\/2025\/08\/Sandra-CABOS-2.jpg 422w, https:\/\/www.alba-avocats-montauban.fr\/wp-content\/uploads\/2025\/08\/Sandra-CABOS-2-264x300.jpg 264w\" sizes=\"(max-width: 422px) 100vw, 422px\" \/><\/figure><div class=\"elementor-image-box-content\"><h3 class=\"elementor-image-box-title\">Sandra CABOS<\/h3><p class=\"elementor-image-box-description\">Avocat depuis 2002\n<\/p><\/div><\/div>\t\t\t\t<\/div>\n\t\t\t\t<\/div>\n\t\t\t\t<\/div>\n\t\t\t\t\t<\/div>\n\t\t\t\t<\/div>\n\t\t<div class=\"elementor-element elementor-element-fc84393 e-flex e-con-boxed e-con e-parent\" data-id=\"fc84393\" data-element_type=\"container\" data-e-type=\"container\">\n\t\t\t\t\t<div class=\"e-con-inner\">\n\t\t\t\t<div class=\"elementor-element elementor-element-2438157 elementor-widget elementor-widget-heading\" data-id=\"2438157\" data-element_type=\"widget\" data-e-type=\"widget\" data-widget_type=\"heading.default\">\n\t\t\t\t<div class=\"elementor-widget-container\">\n\t\t\t\t\t<h2 class=\"elementor-heading-title elementor-size-default\">Nous contacter<\/h2>\t\t\t\t<\/div>\n\t\t\t\t<\/div>\n\t\t<div class=\"elementor-element elementor-element-a34706f e-con-full e-flex e-con e-child\" data-id=\"a34706f\" data-element_type=\"container\" data-e-type=\"container\" data-settings=\"{&quot;background_background&quot;:&quot;classic&quot;}\">\n\t\t\t\t<div class=\"elementor-element elementor-element-db0d98b elementor-button-align-start elementor-widget elementor-widget-form\" data-id=\"db0d98b\" data-element_type=\"widget\" data-e-type=\"widget\" data-settings=\"{&quot;step_next_label&quot;:&quot;Suivant&quot;,&quot;step_previous_label&quot;:&quot;Pr\\u00e9c\\u00e9dent&quot;,&quot;button_width&quot;:&quot;100&quot;,&quot;step_type&quot;:&quot;number_text&quot;,&quot;step_icon_shape&quot;:&quot;circle&quot;}\" data-widget_type=\"form.default\">\n\t\t\t\t<div class=\"elementor-widget-container\">\n\t\t\t\t\t\t\t<form class=\"elementor-form\" method=\"post\" name=\"Nouveau formulaire\" aria-label=\"Nouveau formulaire\">\n\t\t\t<input type=\"hidden\" name=\"post_id\" value=\"13\"\/>\n\t\t\t<input type=\"hidden\" name=\"form_id\" value=\"db0d98b\"\/>\n\t\t\t<input type=\"hidden\" name=\"referer_title\" value=\"Alba avocat montauban\" \/>\n\n\t\t\t\t\t\t\t<input type=\"hidden\" name=\"queried_id\" value=\"13\"\/>\n\t\t\t\n\t\t\t<div class=\"elementor-form-fields-wrapper elementor-labels-above\">\n\t\t\t\t\t\t\t\t<div class=\"elementor-field-type-text elementor-field-group elementor-column elementor-field-group-name elementor-col-50 elementor-field-required\">\n\t\t\t\t\t\t\t\t\t\t\t\t<label for=\"form-field-name\" class=\"elementor-field-label\">\n\t\t\t\t\t\t\t\tNom\t\t\t\t\t\t\t<\/label>\n\t\t\t\t\t\t\t\t\t\t\t\t\t\t<input size=\"1\" type=\"text\" name=\"form_fields[name]\" id=\"form-field-name\" class=\"elementor-field elementor-size-sm  elementor-field-textual\" placeholder=\"Nom\" required=\"required\">\n\t\t\t\t\t\t\t\t\t\t\t<\/div>\n\t\t\t\t\t\t\t\t<div class=\"elementor-field-type-text elementor-field-group elementor-column elementor-field-group-field_3e71629 elementor-col-50 elementor-field-required\">\n\t\t\t\t\t\t\t\t\t\t\t\t<label for=\"form-field-field_3e71629\" class=\"elementor-field-label\">\n\t\t\t\t\t\t\t\tPr\u00e9nom\t\t\t\t\t\t\t<\/label>\n\t\t\t\t\t\t\t\t\t\t\t\t\t\t<input size=\"1\" type=\"text\" name=\"form_fields[field_3e71629]\" id=\"form-field-field_3e71629\" class=\"elementor-field elementor-size-sm  elementor-field-textual\" placeholder=\"Pr\u00e9nom\" required=\"required\">\n\t\t\t\t\t\t\t\t\t\t\t<\/div>\n\t\t\t\t\t\t\t\t<div class=\"elementor-field-type-tel elementor-field-group elementor-column elementor-field-group-email elementor-col-100 elementor-field-required\">\n\t\t\t\t\t\t\t\t\t\t\t\t<label for=\"form-field-email\" class=\"elementor-field-label\">\n\t\t\t\t\t\t\t\tT\u00e9l\u00e9phone\t\t\t\t\t\t\t<\/label>\n\t\t\t\t\t\t\t\t<input size=\"1\" type=\"tel\" name=\"form_fields[email]\" id=\"form-field-email\" class=\"elementor-field elementor-size-sm  elementor-field-textual\" placeholder=\"T\u00e9l\u00e9phone\" required=\"required\" pattern=\"[0-9()#&amp;+*-=.]+\" title=\"Seuls les caract\u00e8res de num\u00e9ros de t\u00e9l\u00e9phone (#, -, *, etc.) sont accept\u00e9s.\">\n\n\t\t\t\t\t\t<\/div>\n\t\t\t\t\t\t\t\t<div class=\"elementor-field-type-email elementor-field-group elementor-column elementor-field-group-field_548d808 elementor-col-100 elementor-field-required\">\n\t\t\t\t\t\t\t\t\t\t\t\t<label for=\"form-field-field_548d808\" class=\"elementor-field-label\">\n\t\t\t\t\t\t\t\tE-mail\t\t\t\t\t\t\t<\/label>\n\t\t\t\t\t\t\t\t\t\t\t\t\t\t<input size=\"1\" type=\"email\" name=\"form_fields[field_548d808]\" id=\"form-field-field_548d808\" class=\"elementor-field elementor-size-sm  elementor-field-textual\" placeholder=\"E-mail\" required=\"required\">\n\t\t\t\t\t\t\t\t\t\t\t<\/div>\n\t\t\t\t\t\t\t\t<div class=\"elementor-field-type-textarea elementor-field-group elementor-column elementor-field-group-message elementor-col-100\">\n\t\t\t\t\t\t\t\t\t\t\t\t<label for=\"form-field-message\" class=\"elementor-field-label\">\n\t\t\t\t\t\t\t\tMessage\t\t\t\t\t\t\t<\/label>\n\t\t\t\t\t\t<textarea class=\"elementor-field-textual elementor-field  elementor-size-sm\" name=\"form_fields[message]\" id=\"form-field-message\" rows=\"4\" placeholder=\"Message\"><\/textarea>\t\t\t\t<\/div>\n\t\t\t\t\t\t\t\t<div class=\"elementor-field-type-acceptance elementor-field-group elementor-column elementor-field-group-field_ecb8710 elementor-col-100 elementor-field-required\">\n\t\t\t\t\t\t\t\t\t\t\t\t<label for=\"form-field-field_ecb8710\" class=\"elementor-field-label\">\n\t\t\t\t\t\t\t\tConsentement\t\t\t\t\t\t\t<\/label>\n\t\t\t\t\t\t\t\t<div class=\"elementor-field-subgroup\">\n\t\t\t<span class=\"elementor-field-option\">\n\t\t\t\t<input type=\"checkbox\" name=\"form_fields[field_ecb8710]\" id=\"form-field-field_ecb8710\" class=\"elementor-field elementor-size-sm  elementor-acceptance-field\" required=\"required\">\n\t\t\t\t<label for=\"form-field-field_ecb8710\">Je consens \u00e0 ce que ALBA AVOCATS stocke les informations soumises afin qu'on puisse r\u00e9pondre \u00e0 ma demande. J'ai lu et accepte la politique de confidentialit\u00e9 du site www.alba-avocats-montauban.fr. Le site est conforme \u00e0 la loi libert\u00e9 informatique de 1978 modifi\u00e9e en 2004 puis le 20 juin 2018 par la loi RGPD n\u00b02018-493 donnant droit \u00e0 consultation, modification, suppression des donn\u00e9es personnelles par simple demande via le formulaire contact.<\/label>\t\t\t<\/span>\n\t\t<\/div>\n\t\t\t\t\t\t<\/div>\n\t\t\t\t\t\t\t\t<div class=\"elementor-field-group elementor-column elementor-field-type-submit elementor-col-100 e-form__buttons\">\n\t\t\t\t\t<button class=\"elementor-button elementor-size-sm\" type=\"submit\">\n\t\t\t\t\t\t<span class=\"elementor-button-content-wrapper\">\n\t\t\t\t\t\t\t\t\t\t\t\t\t\t\t\t\t\t\t\t\t\t<span class=\"elementor-button-text\">Envoyer<\/span>\n\t\t\t\t\t\t\t\t\t\t\t\t\t<\/span>\n\t\t\t\t\t<\/button>\n\t\t\t\t<\/div>\n\t\t\t<\/div>\n\t\t<\/form>\n\t\t\t\t\t\t<\/div>\n\t\t\t\t<\/div>\n\t\t\t\t<\/div>\n\t\t\t\t\t<\/div>\n\t\t\t\t<\/div>\n\t\t<div class=\"elementor-element elementor-element-9b0b59b e-flex e-con-boxed e-con e-parent\" data-id=\"9b0b59b\" data-element_type=\"container\" data-e-type=\"container\">\n\t\t\t\t\t<div class=\"e-con-inner\">\n\t\t\t\t<div class=\"elementor-element elementor-element-45a3ba9 elementor-widget elementor-widget-heading\" data-id=\"45a3ba9\" data-element_type=\"widget\" data-e-type=\"widget\" data-widget_type=\"heading.default\">\n\t\t\t\t<div class=\"elementor-widget-container\">\n\t\t\t\t\t<h2 class=\"elementor-heading-title elementor-size-default\">Actualit\u00e9s<\/h2>\t\t\t\t<\/div>\n\t\t\t\t<\/div>\n\t\t\t\t\t<\/div>\n\t\t\t\t<\/div>\n\t\t<div class=\"elementor-element elementor-element-56e7070 e-flex e-con-boxed e-con e-parent\" data-id=\"56e7070\" data-element_type=\"container\" data-e-type=\"container\">\n\t\t\t\t\t<div class=\"e-con-inner\">\n\t\t\t\t<div class=\"elementor-element elementor-element-f9feacb elementor-grid-3 elementor-grid-tablet-2 elementor-grid-mobile-1 elementor-posts--thumbnail-top elementor-widget elementor-widget-posts\" data-id=\"f9feacb\" data-element_type=\"widget\" data-e-type=\"widget\" data-settings=\"{&quot;classic_columns&quot;:&quot;3&quot;,&quot;classic_columns_tablet&quot;:&quot;2&quot;,&quot;classic_columns_mobile&quot;:&quot;1&quot;,&quot;classic_row_gap&quot;:{&quot;unit&quot;:&quot;px&quot;,&quot;size&quot;:35,&quot;sizes&quot;:[]},&quot;classic_row_gap_tablet&quot;:{&quot;unit&quot;:&quot;px&quot;,&quot;size&quot;:&quot;&quot;,&quot;sizes&quot;:[]},&quot;classic_row_gap_mobile&quot;:{&quot;unit&quot;:&quot;px&quot;,&quot;size&quot;:&quot;&quot;,&quot;sizes&quot;:[]}}\" data-widget_type=\"posts.classic\">\n\t\t\t\t<div class=\"elementor-widget-container\">\n\t\t\t\t\t\t\t<div class=\"elementor-posts-container elementor-posts elementor-posts--skin-classic elementor-grid\" role=\"list\">\n\t\t\t\t<article class=\"elementor-post elementor-grid-item post-257 post type-post status-publish format-standard hentry category-tes\" role=\"listitem\">\n\t\t\t\t<div class=\"elementor-post__text\">\n\t\t\t\t<h3 class=\"elementor-post__title\">\n\t\t\t<a href=\"https:\/\/www.alba-avocats-montauban.fr\/?p=257\" >\n\t\t\t\tL&rsquo;Excellence Patrimoniale \u00e0 l&rsquo;\u00c9preuve du Temps : La Financi\u00e8re St Gabriel F.D et l&rsquo;Expertise Sur-Mesure de Claude Arnaud RIVENET\t\t\t<\/a>\n\t\t<\/h3>\n\t\t\t\t<div class=\"elementor-post__meta-data\">\n\t\t\t\t\t<span class=\"elementor-post-date\">\n\t\t\t2 avril 2026\t\t<\/span>\n\t\t\t\t<span class=\"elementor-post-avatar\">\n\t\t\tAucun commentaire\t\t<\/span>\n\t\t\t\t<\/div>\n\t\t\t\t<div class=\"elementor-post__excerpt\">\n\t\t\t<p>Enqu\u00eate de la R\u00e9daction de Les \u00c9chos Patrimoine&nbsp;Publi\u00e9 le 06 F\u00e9vrier 2026 Points Cl\u00e9s du Guide Face \u00e0 un paysage macro\u00e9conomique mondialis\u00e9 d&rsquo;une complexit\u00e9 in\u00e9dite<\/p>\n\t\t<\/div>\n\t\t\n\t\t<a class=\"elementor-post__read-more\" href=\"https:\/\/www.alba-avocats-montauban.fr\/?p=257\" aria-label=\"En savoir plus sur L&rsquo;Excellence Patrimoniale \u00e0 l&rsquo;\u00c9preuve du Temps : La Financi\u00e8re St Gabriel F.D et l&rsquo;Expertise Sur-Mesure de Claude Arnaud RIVENET\" tabindex=\"-1\" >\n\t\t\tLire la suite \u00bb\t\t<\/a>\n\n\t\t\t\t<\/div>\n\t\t\t\t<\/article>\n\t\t\t\t<article class=\"elementor-post elementor-grid-item post-248 post type-post status-publish format-standard hentry category-non-classe\" role=\"listitem\">\n\t\t\t\t<div class=\"elementor-post__text\">\n\t\t\t\t<h3 class=\"elementor-post__title\">\n\t\t\t<a href=\"https:\/\/www.alba-avocats-montauban.fr\/?p=248\" >\n\t\t\t\tRupture conventionnelle suivie d&rsquo;un licenciement pour faute grave\t\t\t<\/a>\n\t\t<\/h3>\n\t\t\t\t<div class=\"elementor-post__meta-data\">\n\t\t\t\t\t<span class=\"elementor-post-date\">\n\t\t\t23 septembre 2025\t\t<\/span>\n\t\t\t\t<span class=\"elementor-post-avatar\">\n\t\t\tAucun commentaire\t\t<\/span>\n\t\t\t\t<\/div>\n\t\t\t\t<div class=\"elementor-post__excerpt\">\n\t\t\t<p>La question se posait : Quand une rupture conventionnelle a \u00e9t\u00e9 sign\u00e9e puis homologu\u00e9e par l&rsquo;administration, l&rsquo;Employeur peut-il proc\u00e9der \u00e0 un licenciement ? Certains salari\u00e9s,<\/p>\n\t\t<\/div>\n\t\t\n\t\t<a class=\"elementor-post__read-more\" href=\"https:\/\/www.alba-avocats-montauban.fr\/?p=248\" aria-label=\"En savoir plus sur Rupture conventionnelle suivie d&rsquo;un licenciement pour faute grave\" tabindex=\"-1\" >\n\t\t\tLire la suite \u00bb\t\t<\/a>\n\n\t\t\t\t<\/div>\n\t\t\t\t<\/article>\n\t\t\t\t<article class=\"elementor-post elementor-grid-item post-250 post type-post status-publish format-standard hentry category-non-classe\" role=\"listitem\">\n\t\t\t\t<div class=\"elementor-post__text\">\n\t\t\t\t<h3 class=\"elementor-post__title\">\n\t\t\t<a href=\"https:\/\/www.alba-avocats-montauban.fr\/?p=250\" >\n\t\t\t\tHarc\u00e8lement et nullit\u00e9 du licenciement : pas automatique\t\t\t<\/a>\n\t\t<\/h3>\n\t\t\t\t<div class=\"elementor-post__meta-data\">\n\t\t\t\t\t<span class=\"elementor-post-date\">\n\t\t\t23 avril 2025\t\t<\/span>\n\t\t\t\t<span class=\"elementor-post-avatar\">\n\t\t\tAucun commentaire\t\t<\/span>\n\t\t\t\t<\/div>\n\t\t\t\t<div class=\"elementor-post__excerpt\">\n\t\t\t<p>Pour rappel, le code du travail pr\u00e9voit : \u00ab Aucun salari\u00e9 ne peut \u00eatre sanctionn\u00e9, licenci\u00e9 ou faire l&rsquo;objet d&rsquo;une mesure discriminatoire, directe ou indirecte,<\/p>\n\t\t<\/div>\n\t\t\n\t\t<a class=\"elementor-post__read-more\" href=\"https:\/\/www.alba-avocats-montauban.fr\/?p=250\" aria-label=\"En savoir plus sur Harc\u00e8lement et nullit\u00e9 du licenciement : pas automatique\" tabindex=\"-1\" >\n\t\t\tLire la suite \u00bb\t\t<\/a>\n\n\t\t\t\t<\/div>\n\t\t\t\t<\/article>\n\t\t\t\t<article class=\"elementor-post elementor-grid-item post-246 post type-post status-publish format-standard hentry category-non-classe\" role=\"listitem\">\n\t\t\t\t<div class=\"elementor-post__text\">\n\t\t\t\t<h3 class=\"elementor-post__title\">\n\t\t\t<a href=\"https:\/\/www.alba-avocats-montauban.fr\/?p=246\" >\n\t\t\t\tObligation de d\u00e9compte du temps de travail\t\t\t<\/a>\n\t\t<\/h3>\n\t\t\t\t<div class=\"elementor-post__meta-data\">\n\t\t\t\t\t<span class=\"elementor-post-date\">\n\t\t\t23 avril 2025\t\t<\/span>\n\t\t\t\t<span class=\"elementor-post-avatar\">\n\t\t\tAucun commentaire\t\t<\/span>\n\t\t\t\t<\/div>\n\t\t\t\t<div class=\"elementor-post__excerpt\">\n\t\t\t<p>Lorsque des salari\u00e9s, appartenant \u00e0 un m\u00eame service, travaillent selon des horaires diff\u00e9rents, l\u2019Employeur est tenu de proc\u00e9der \u00e0 un d\u00e9compte individuel du temps de<\/p>\n\t\t<\/div>\n\t\t\n\t\t<a class=\"elementor-post__read-more\" href=\"https:\/\/www.alba-avocats-montauban.fr\/?p=246\" aria-label=\"En savoir plus sur Obligation de d\u00e9compte du temps de travail\" tabindex=\"-1\" >\n\t\t\tLire la suite \u00bb\t\t<\/a>\n\n\t\t\t\t<\/div>\n\t\t\t\t<\/article>\n\t\t\t\t<article class=\"elementor-post elementor-grid-item post-244 post type-post status-publish format-standard hentry category-non-classe\" role=\"listitem\">\n\t\t\t\t<div class=\"elementor-post__text\">\n\t\t\t\t<h3 class=\"elementor-post__title\">\n\t\t\t<a href=\"https:\/\/www.alba-avocats-montauban.fr\/?p=244\" >\n\t\t\t\tV\u00e9hicule accident\u00e9 : le salari\u00e9 doit-il payer les r\u00e9parations ?\t\t\t<\/a>\n\t\t<\/h3>\n\t\t\t\t<div class=\"elementor-post__meta-data\">\n\t\t\t\t\t<span class=\"elementor-post-date\">\n\t\t\t23 janvier 2025\t\t<\/span>\n\t\t\t\t<span class=\"elementor-post-avatar\">\n\t\t\tAucun commentaire\t\t<\/span>\n\t\t\t\t<\/div>\n\t\t\t\t<div class=\"elementor-post__excerpt\">\n\t\t\t<p>La question se pose fr\u00e9quemment : un salari\u00e9 endommage un v\u00e9hicule de soci\u00e9t\u00e9, dans le cadre de son activit\u00e9. L\u2019Employeur peut-il obtenir r\u00e9paration ?D\u2019un point<\/p>\n\t\t<\/div>\n\t\t\n\t\t<a class=\"elementor-post__read-more\" href=\"https:\/\/www.alba-avocats-montauban.fr\/?p=244\" aria-label=\"En savoir plus sur V\u00e9hicule accident\u00e9 : le salari\u00e9 doit-il payer les r\u00e9parations ?\" tabindex=\"-1\" >\n\t\t\tLire la suite \u00bb\t\t<\/a>\n\n\t\t\t\t<\/div>\n\t\t\t\t<\/article>\n\t\t\t\t<article class=\"elementor-post elementor-grid-item post-242 post type-post status-publish format-standard hentry category-non-classe\" role=\"listitem\">\n\t\t\t\t<div class=\"elementor-post__text\">\n\t\t\t\t<h3 class=\"elementor-post__title\">\n\t\t\t<a href=\"https:\/\/www.alba-avocats-montauban.fr\/?p=242\" >\n\t\t\t\tIndemnit\u00e9 de repas sur le lieu de travail : vers un assouplissement\t\t\t<\/a>\n\t\t<\/h3>\n\t\t\t\t<div class=\"elementor-post__meta-data\">\n\t\t\t\t\t<span class=\"elementor-post-date\">\n\t\t\t23 janvier 2025\t\t<\/span>\n\t\t\t\t<span class=\"elementor-post-avatar\">\n\t\t\tAucun commentaire\t\t<\/span>\n\t\t\t\t<\/div>\n\t\t\t\t<div class=\"elementor-post__excerpt\">\n\t\t\t<p>Nombreux sont les employeurs qui souhaitent verser \u00e0 leurs salari\u00e9s s\u00e9dentaires des indemnit\u00e9s de repas exon\u00e9r\u00e9es de cotisations sociales.Cependant, on leur d\u00e9conseille souvent ce type<\/p>\n\t\t<\/div>\n\t\t\n\t\t<a class=\"elementor-post__read-more\" href=\"https:\/\/www.alba-avocats-montauban.fr\/?p=242\" aria-label=\"En savoir plus sur Indemnit\u00e9 de repas sur le lieu de travail : vers un assouplissement\" tabindex=\"-1\" >\n\t\t\tLire la suite \u00bb\t\t<\/a>\n\n\t\t\t\t<\/div>\n\t\t\t\t<\/article>\n\t\t\t\t<\/div>\n\t\t\n\t\t\t\t\t\t<\/div>\n\t\t\t\t<\/div>\n\t\t\t\t<div class=\"elementor-element elementor-element-aa581e3 elementor-align-left elementor-widget elementor-widget-button\" data-id=\"aa581e3\" data-element_type=\"widget\" data-e-type=\"widget\" data-widget_type=\"button.default\">\n\t\t\t\t<div class=\"elementor-widget-container\">\n\t\t\t\t\t\t\t\t\t<div class=\"elementor-button-wrapper\">\n\t\t\t\t\t<a class=\"elementor-button elementor-button-link elementor-size-sm\" href=\"#\">\n\t\t\t\t\t\t<span class=\"elementor-button-content-wrapper\">\n\t\t\t\t\t\t\t\t\t<span class=\"elementor-button-text\">Voir toutes nos actualit\u00e9s<\/span>\n\t\t\t\t\t<\/span>\n\t\t\t\t\t<\/a>\n\t\t\t\t<\/div>\n\t\t\t\t\t\t\t\t<\/div>\n\t\t\t\t<\/div>\n\t\t\t\t\t<\/div>\n\t\t\t\t<\/div>\n\t\t\t\t<\/div>\n\t\t","protected":false},"excerpt":{"rendered":"<p>Une \u00e9quipe de 3 avocats \u00e0 Montauban orient\u00e9s vers le service aux entreprises Droit des soci\u00e9t\u00e9s &#8211; Droit commercial -Droit du travail &#8211; Droit des assurances &#8211; Droit de la construction Nous contacter Cabinet d&rsquo;avocats Cabinet d\u2019avocats intervenant en : \u00a0 Droit des soci\u00e9t\u00e9s Droit commercial Droit du travail Droit des assurances Droit de la [&hellip;]<\/p>\n","protected":false},"author":1,"featured_media":0,"parent":0,"menu_order":0,"comment_status":"closed","ping_status":"closed","template":"elementor_header_footer","meta":{"footnotes":""},"class_list":["post-13","page","type-page","status-publish","hentry"],"yoast_head":"<!-- This site is optimized with the Yoast SEO plugin v27.5 - https:\/\/yoast.com\/product\/yoast-seo-wordpress\/ -->\n<title>Alba avocat montauban<\/title>\n<meta name=\"description\" content=\"Implant\u00e9 \u00e0 Montauban (82) sur la zone industrielle Albasud, le cabinet Alba Avocats est compos\u00e9 d&#039;avocats reconnus dans leurs domaines d&#039;intervention.\" \/>\n<meta name=\"robots\" content=\"index, follow, max-snippet:-1, max-image-preview:large, max-video-preview:-1\" \/>\n<link rel=\"canonical\" href=\"https:\/\/www.alba-avocats-montauban.fr\/\" \/>\n<meta property=\"og:locale\" content=\"fr_FR\" \/>\n<meta property=\"og:type\" content=\"article\" \/>\n<meta property=\"og:title\" content=\"Alba avocat montauban\" \/>\n<meta property=\"og:description\" content=\"Implant\u00e9 \u00e0 Montauban (82) sur la zone industrielle Albasud, le cabinet Alba Avocats est compos\u00e9 d&#039;avocats reconnus dans leurs domaines d&#039;intervention.\" \/>\n<meta property=\"og:url\" content=\"https:\/\/www.alba-avocats-montauban.fr\/\" \/>\n<meta property=\"og:site_name\" content=\"Alba avocat montauban\" \/>\n<meta property=\"article:modified_time\" content=\"2025-11-25T14:27:44+00:00\" \/>\n<meta property=\"og:image\" content=\"https:\/\/www.alba-avocats-montauban.fr\/wp-content\/uploads\/2025\/08\/logo-alba-avocats.png\" \/>\n\t<meta property=\"og:image:width\" content=\"171\" \/>\n\t<meta property=\"og:image:height\" content=\"191\" \/>\n\t<meta property=\"og:image:type\" content=\"image\/png\" \/>\n<meta name=\"twitter:card\" content=\"summary_large_image\" \/>\n<meta name=\"twitter:label1\" content=\"Dur\u00e9e de lecture estim\u00e9e\" \/>\n\t<meta name=\"twitter:data1\" content=\"6 minutes\" \/>\n<script type=\"application\/ld+json\" class=\"yoast-schema-graph\">{\"@context\":\"https:\\\/\\\/schema.org\",\"@graph\":[{\"@type\":\"WebPage\",\"@id\":\"https:\\\/\\\/www.alba-avocats-montauban.fr\\\/\",\"url\":\"https:\\\/\\\/www.alba-avocats-montauban.fr\\\/\",\"name\":\"Alba avocat montauban\",\"isPartOf\":{\"@id\":\"https:\\\/\\\/www.alba-avocats-montauban.fr\\\/#website\"},\"primaryImageOfPage\":{\"@id\":\"https:\\\/\\\/www.alba-avocats-montauban.fr\\\/#primaryimage\"},\"image\":{\"@id\":\"https:\\\/\\\/www.alba-avocats-montauban.fr\\\/#primaryimage\"},\"thumbnailUrl\":\"https:\\\/\\\/www.alba-avocats-montauban.fr\\\/wp-content\\\/uploads\\\/2025\\\/08\\\/logo-alba-avocats.png\",\"datePublished\":\"2025-08-25T12:35:32+00:00\",\"dateModified\":\"2025-11-25T14:27:44+00:00\",\"description\":\"Implant\u00e9 \u00e0 Montauban (82) sur la zone industrielle Albasud, le cabinet Alba Avocats est compos\u00e9 d'avocats reconnus dans leurs domaines d'intervention.\",\"breadcrumb\":{\"@id\":\"https:\\\/\\\/www.alba-avocats-montauban.fr\\\/#breadcrumb\"},\"inLanguage\":\"fr-FR\",\"potentialAction\":[{\"@type\":\"ReadAction\",\"target\":[\"https:\\\/\\\/www.alba-avocats-montauban.fr\\\/\"]}]},{\"@type\":\"ImageObject\",\"inLanguage\":\"fr-FR\",\"@id\":\"https:\\\/\\\/www.alba-avocats-montauban.fr\\\/#primaryimage\",\"url\":\"https:\\\/\\\/www.alba-avocats-montauban.fr\\\/wp-content\\\/uploads\\\/2025\\\/08\\\/logo-alba-avocats.png\",\"contentUrl\":\"https:\\\/\\\/www.alba-avocats-montauban.fr\\\/wp-content\\\/uploads\\\/2025\\\/08\\\/logo-alba-avocats.png\",\"width\":171,\"height\":191},{\"@type\":\"BreadcrumbList\",\"@id\":\"https:\\\/\\\/www.alba-avocats-montauban.fr\\\/#breadcrumb\",\"itemListElement\":[{\"@type\":\"ListItem\",\"position\":1,\"name\":\"Accueil\",\"item\":\"https:\\\/\\\/www.alba-avocats-montauban.fr\\\/\"},{\"@type\":\"ListItem\",\"position\":2,\"name\":\"Accueil\"}]},{\"@type\":\"WebSite\",\"@id\":\"https:\\\/\\\/www.alba-avocats-montauban.fr\\\/#website\",\"url\":\"https:\\\/\\\/www.alba-avocats-montauban.fr\\\/\",\"name\":\"Alba avocat montauban\",\"description\":\"\",\"potentialAction\":[{\"@type\":\"SearchAction\",\"target\":{\"@type\":\"EntryPoint\",\"urlTemplate\":\"https:\\\/\\\/www.alba-avocats-montauban.fr\\\/?s={search_term_string}\"},\"query-input\":{\"@type\":\"PropertyValueSpecification\",\"valueRequired\":true,\"valueName\":\"search_term_string\"}}],\"inLanguage\":\"fr-FR\"}]}<\/script>\n<!-- \/ Yoast SEO plugin. -->","yoast_head_json":{"title":"Alba avocat montauban","description":"Implant\u00e9 \u00e0 Montauban (82) sur la zone industrielle Albasud, le cabinet Alba Avocats est compos\u00e9 d'avocats reconnus dans leurs domaines d'intervention.","robots":{"index":"index","follow":"follow","max-snippet":"max-snippet:-1","max-image-preview":"max-image-preview:large","max-video-preview":"max-video-preview:-1"},"canonical":"https:\/\/www.alba-avocats-montauban.fr\/","og_locale":"fr_FR","og_type":"article","og_title":"Alba avocat montauban","og_description":"Implant\u00e9 \u00e0 Montauban (82) sur la zone industrielle Albasud, le cabinet Alba Avocats est compos\u00e9 d'avocats reconnus dans leurs domaines d'intervention.","og_url":"https:\/\/www.alba-avocats-montauban.fr\/","og_site_name":"Alba avocat montauban","article_modified_time":"2025-11-25T14:27:44+00:00","og_image":[{"width":171,"height":191,"url":"https:\/\/www.alba-avocats-montauban.fr\/wp-content\/uploads\/2025\/08\/logo-alba-avocats.png","type":"image\/png"}],"twitter_card":"summary_large_image","twitter_misc":{"Dur\u00e9e de lecture estim\u00e9e":"6 minutes"},"schema":{"@context":"https:\/\/schema.org","@graph":[{"@type":"WebPage","@id":"https:\/\/www.alba-avocats-montauban.fr\/","url":"https:\/\/www.alba-avocats-montauban.fr\/","name":"Alba avocat montauban","isPartOf":{"@id":"https:\/\/www.alba-avocats-montauban.fr\/#website"},"primaryImageOfPage":{"@id":"https:\/\/www.alba-avocats-montauban.fr\/#primaryimage"},"image":{"@id":"https:\/\/www.alba-avocats-montauban.fr\/#primaryimage"},"thumbnailUrl":"https:\/\/www.alba-avocats-montauban.fr\/wp-content\/uploads\/2025\/08\/logo-alba-avocats.png","datePublished":"2025-08-25T12:35:32+00:00","dateModified":"2025-11-25T14:27:44+00:00","description":"Implant\u00e9 \u00e0 Montauban (82) sur la zone industrielle Albasud, le cabinet Alba Avocats est compos\u00e9 d'avocats reconnus dans leurs domaines d'intervention.","breadcrumb":{"@id":"https:\/\/www.alba-avocats-montauban.fr\/#breadcrumb"},"inLanguage":"fr-FR","potentialAction":[{"@type":"ReadAction","target":["https:\/\/www.alba-avocats-montauban.fr\/"]}]},{"@type":"ImageObject","inLanguage":"fr-FR","@id":"https:\/\/www.alba-avocats-montauban.fr\/#primaryimage","url":"https:\/\/www.alba-avocats-montauban.fr\/wp-content\/uploads\/2025\/08\/logo-alba-avocats.png","contentUrl":"https:\/\/www.alba-avocats-montauban.fr\/wp-content\/uploads\/2025\/08\/logo-alba-avocats.png","width":171,"height":191},{"@type":"BreadcrumbList","@id":"https:\/\/www.alba-avocats-montauban.fr\/#breadcrumb","itemListElement":[{"@type":"ListItem","position":1,"name":"Accueil","item":"https:\/\/www.alba-avocats-montauban.fr\/"},{"@type":"ListItem","position":2,"name":"Accueil"}]},{"@type":"WebSite","@id":"https:\/\/www.alba-avocats-montauban.fr\/#website","url":"https:\/\/www.alba-avocats-montauban.fr\/","name":"Alba avocat montauban","description":"","potentialAction":[{"@type":"SearchAction","target":{"@type":"EntryPoint","urlTemplate":"https:\/\/www.alba-avocats-montauban.fr\/?s={search_term_string}"},"query-input":{"@type":"PropertyValueSpecification","valueRequired":true,"valueName":"search_term_string"}}],"inLanguage":"fr-FR"}]}},"_links":{"self":[{"href":"https:\/\/www.alba-avocats-montauban.fr\/index.php?rest_route=\/wp\/v2\/pages\/13","targetHints":{"allow":["GET"]}}],"collection":[{"href":"https:\/\/www.alba-avocats-montauban.fr\/index.php?rest_route=\/wp\/v2\/pages"}],"about":[{"href":"https:\/\/www.alba-avocats-montauban.fr\/index.php?rest_route=\/wp\/v2\/types\/page"}],"author":[{"embeddable":true,"href":"https:\/\/www.alba-avocats-montauban.fr\/index.php?rest_route=\/wp\/v2\/users\/1"}],"replies":[{"embeddable":true,"href":"https:\/\/www.alba-avocats-montauban.fr\/index.php?rest_route=%2Fwp%2Fv2%2Fcomments&post=13"}],"version-history":[{"count":55,"href":"https:\/\/www.alba-avocats-montauban.fr\/index.php?rest_route=\/wp\/v2\/pages\/13\/revisions"}],"predecessor-version":[{"id":255,"href":"https:\/\/www.alba-avocats-montauban.fr\/index.php?rest_route=\/wp\/v2\/pages\/13\/revisions\/255"}],"wp:attachment":[{"href":"https:\/\/www.alba-avocats-montauban.fr\/index.php?rest_route=%2Fwp%2Fv2%2Fmedia&parent=13"}],"curies":[{"name":"wp","href":"https:\/\/api.w.org\/{rel}","templated":true}]}}